{"id":2,"date":"2018-03-24T12:25:11","date_gmt":"2018-03-24T11:25:11","guid":{"rendered":"http:\/\/localhost\/issa\/?page_id=2"},"modified":"2026-04-27T14:35:02","modified_gmt":"2026-04-27T12:35:02","slug":"przykladowa-strona","status":"publish","type":"page","link":"https:\/\/archiwumnauki.pan.pl\/","title":{"rendered":"Strona g\u0142\u00f3wna"},"content":{"rendered":"<table style=\"border-collapse: collapse; width: 100%; height: 17054px;\">\n<tbody>\n<tr style=\"height: 19px;\">\n<td style=\"width: 100%; text-align: center; height: 31px;\"><strong>AKTUALNO\u015aCI<\/strong><\/td>\n<\/tr>\n<tr>\n<td style=\"width: 100%; text-align: center;\"><strong>Szanowni Pa\u0144stwo,<\/strong><\/p>\n<p><strong>informujemy, \u017ce z uwagi na pokazy dla student\u00f3w Pracownia Naukowa Archiwum<br \/>\nb\u0119dzie nieczynna w dniu 29 kwietnia br. (\u015broda).<\/strong><\/p>\n<p><strong>Za wszelkie utrudnienia przepraszamy. <\/strong><\/p>\n<p><strong>Jednocze\u015bnie informujemy, \u017ce w dniu 4 maja br. (poniedzia\u0142ek)<br \/>\nPracownia b\u0119dzie otwarta w zwyk\u0142ym trybie, tj. w godz. 9:00-16:00.<\/strong><\/td>\n<\/tr>\n<tr>\n<td style=\"width: 100%; text-align: center;\"><strong><a href=\"https:\/\/archiwumnauki.pan.pl\/?p=7280\"><img loading=\"lazy\" decoding=\"async\" class=\"alignleft wp-image-7281 size-medium\" src=\"https:\/\/archiwumnauki.pan.pl\/wp-content\/uploads\/2026\/04\/IMG_3734-300x200.jpg\" alt=\"\" width=\"300\" height=\"200\" srcset=\"https:\/\/archiwumnauki.pan.pl\/wp-content\/uploads\/2026\/04\/IMG_3734-300x200.jpg 300w, https:\/\/archiwumnauki.pan.pl\/wp-content\/uploads\/2026\/04\/IMG_3734-1024x683.jpg 1024w, https:\/\/archiwumnauki.pan.pl\/wp-content\/uploads\/2026\/04\/IMG_3734-768x512.jpg 768w, https:\/\/archiwumnauki.pan.pl\/wp-content\/uploads\/2026\/04\/IMG_3734-1536x1024.jpg 1536w, https:\/\/archiwumnauki.pan.pl\/wp-content\/uploads\/2026\/04\/IMG_3734-2048x1365.jpg 2048w, https:\/\/archiwumnauki.pan.pl\/wp-content\/uploads\/2026\/04\/IMG_3734-405x270.jpg 405w\" sizes=\"auto, (max-width: 300px) 100vw, 300px\" \/><\/a><a href=\"https:\/\/archiwumnauki.pan.pl\/?p=7280\">Studenci UW z wizyt\u0105 w Archiwum<\/a><\/strong><\/td>\n<\/tr>\n<tr>\n<td style=\"width: 100%; text-align: center;\"><strong><a href=\"https:\/\/archiwumnauki.pan.pl\/?p=7266\"><img loading=\"lazy\" decoding=\"async\" class=\"alignleft wp-image-7273 size-medium\" src=\"https:\/\/archiwumnauki.pan.pl\/wp-content\/uploads\/2026\/04\/07-300x200.jpg\" alt=\"\" width=\"300\" height=\"200\" srcset=\"https:\/\/archiwumnauki.pan.pl\/wp-content\/uploads\/2026\/04\/07-300x200.jpg 300w, https:\/\/archiwumnauki.pan.pl\/wp-content\/uploads\/2026\/04\/07-1024x683.jpg 1024w, https:\/\/archiwumnauki.pan.pl\/wp-content\/uploads\/2026\/04\/07-768x512.jpg 768w, https:\/\/archiwumnauki.pan.pl\/wp-content\/uploads\/2026\/04\/07-1536x1024.jpg 1536w, https:\/\/archiwumnauki.pan.pl\/wp-content\/uploads\/2026\/04\/07-2048x1365.jpg 2048w, https:\/\/archiwumnauki.pan.pl\/wp-content\/uploads\/2026\/04\/07-405x270.jpg 405w\" sizes=\"auto, (max-width: 300px) 100vw, 300px\" \/><\/a><a href=\"https:\/\/archiwumnauki.pan.pl\/?p=7266\">Wsp\u00f3\u0142praca z W\u0142oskim Instytutem Kultury<\/a><\/strong><\/td>\n<\/tr>\n<tr>\n<td style=\"width: 100%; text-align: center;\"><a href=\"https:\/\/archiwumnauki.pan.pl\/wp-content\/uploads\/2026\/04\/662121726_1535944831395829_2429728392028558520_n.jpg\"><img loading=\"lazy\" decoding=\"async\" class=\"alignnone wp-image-7259 size-full\" src=\"https:\/\/archiwumnauki.pan.pl\/wp-content\/uploads\/2026\/04\/662121726_1535944831395829_2429728392028558520_n.jpg\" alt=\"\" width=\"432\" height=\"624\" srcset=\"https:\/\/archiwumnauki.pan.pl\/wp-content\/uploads\/2026\/04\/662121726_1535944831395829_2429728392028558520_n.jpg 432w, https:\/\/archiwumnauki.pan.pl\/wp-content\/uploads\/2026\/04\/662121726_1535944831395829_2429728392028558520_n-208x300.jpg 208w, https:\/\/archiwumnauki.pan.pl\/wp-content\/uploads\/2026\/04\/662121726_1535944831395829_2429728392028558520_n-187x270.jpg 187w\" sizes=\"auto, (max-width: 432px) 100vw, 432px\" \/><\/a><strong>\u00a0<\/strong><\/td>\n<\/tr>\n<tr style=\"height: 216px;\">\n<td style=\"width: 100%; text-align: center; height: 216px;\"><strong><a href=\"https:\/\/archiwumnauki.pan.pl\/?p=7248\"><img loading=\"lazy\" decoding=\"async\" class=\"alignleft wp-image-7233 size-medium\" src=\"https:\/\/archiwumnauki.pan.pl\/wp-content\/uploads\/2026\/03\/IMG_3606-300x200.jpg\" alt=\"\" width=\"300\" height=\"200\" srcset=\"https:\/\/archiwumnauki.pan.pl\/wp-content\/uploads\/2026\/03\/IMG_3606-300x200.jpg 300w, https:\/\/archiwumnauki.pan.pl\/wp-content\/uploads\/2026\/03\/IMG_3606-1024x683.jpg 1024w, https:\/\/archiwumnauki.pan.pl\/wp-content\/uploads\/2026\/03\/IMG_3606-768x512.jpg 768w, https:\/\/archiwumnauki.pan.pl\/wp-content\/uploads\/2026\/03\/IMG_3606-1536x1024.jpg 1536w, https:\/\/archiwumnauki.pan.pl\/wp-content\/uploads\/2026\/03\/IMG_3606-2048x1365.jpg 2048w, https:\/\/archiwumnauki.pan.pl\/wp-content\/uploads\/2026\/03\/IMG_3606-405x270.jpg 405w\" sizes=\"auto, (max-width: 300px) 100vw, 300px\" \/><\/a><a href=\"https:\/\/archiwumnauki.pan.pl\/?p=7248\">Inauguracyjne posiedzenie Rady Naukowej<\/a><\/strong><\/td>\n<\/tr>\n<tr style=\"height: 216px;\">\n<td style=\"width: 100%; text-align: center; height: 216px;\"><a href=\"https:\/\/archiwumnauki.pan.pl\/?p=7143\"><img loading=\"lazy\" decoding=\"async\" class=\"alignleft wp-image-7177 size-medium\" src=\"https:\/\/archiwumnauki.pan.pl\/wp-content\/uploads\/2026\/02\/IMG_3492-300x200.jpg\" alt=\"\" width=\"300\" height=\"200\" srcset=\"https:\/\/archiwumnauki.pan.pl\/wp-content\/uploads\/2026\/02\/IMG_3492-300x200.jpg 300w, https:\/\/archiwumnauki.pan.pl\/wp-content\/uploads\/2026\/02\/IMG_3492-1024x683.jpg 1024w, https:\/\/archiwumnauki.pan.pl\/wp-content\/uploads\/2026\/02\/IMG_3492-768x512.jpg 768w, https:\/\/archiwumnauki.pan.pl\/wp-content\/uploads\/2026\/02\/IMG_3492-1536x1024.jpg 1536w, https:\/\/archiwumnauki.pan.pl\/wp-content\/uploads\/2026\/02\/IMG_3492-2048x1365.jpg 2048w, https:\/\/archiwumnauki.pan.pl\/wp-content\/uploads\/2026\/02\/IMG_3492-405x270.jpg 405w\" sizes=\"auto, (max-width: 300px) 100vw, 300px\" \/><\/a><a href=\"https:\/\/archiwumnauki.pan.pl\/?p=7143\"><strong>Wernisa\u017c wystawy\u00a0<em>\u0179r\u00f3d\u0142a nauce przywr\u00f3cone. Konserwacja archiwali\u00f3w Parafii Ewangelicko-Augsburskiej w Krakowie<\/em><\/strong><\/a><\/td>\n<\/tr>\n<tr style=\"height: 316px;\">\n<td style=\"width: 100%; text-align: center; height: 316px;\"><a href=\"https:\/\/archiwumnauki.pan.pl\/?p=7119\"><img loading=\"lazy\" decoding=\"async\" class=\"alignleft wp-image-7121 size-medium\" src=\"https:\/\/archiwumnauki.pan.pl\/wp-content\/uploads\/2026\/02\/61b0e85c-35be-4499-9831-a44359eff73c-300x300.jpg\" alt=\"\" width=\"300\" height=\"300\" srcset=\"https:\/\/archiwumnauki.pan.pl\/wp-content\/uploads\/2026\/02\/61b0e85c-35be-4499-9831-a44359eff73c-300x300.jpg 300w, https:\/\/archiwumnauki.pan.pl\/wp-content\/uploads\/2026\/02\/61b0e85c-35be-4499-9831-a44359eff73c-1024x1024.jpg 1024w, https:\/\/archiwumnauki.pan.pl\/wp-content\/uploads\/2026\/02\/61b0e85c-35be-4499-9831-a44359eff73c-150x150.jpg 150w, https:\/\/archiwumnauki.pan.pl\/wp-content\/uploads\/2026\/02\/61b0e85c-35be-4499-9831-a44359eff73c-768x768.jpg 768w, https:\/\/archiwumnauki.pan.pl\/wp-content\/uploads\/2026\/02\/61b0e85c-35be-4499-9831-a44359eff73c-1536x1536.jpg 1536w, https:\/\/archiwumnauki.pan.pl\/wp-content\/uploads\/2026\/02\/61b0e85c-35be-4499-9831-a44359eff73c-270x270.jpg 270w, https:\/\/archiwumnauki.pan.pl\/wp-content\/uploads\/2026\/02\/61b0e85c-35be-4499-9831-a44359eff73c.jpg 1600w\" sizes=\"auto, (max-width: 300px) 100vw, 300px\" \/><\/a><strong><a href=\"https:\/\/archiwumnauki.pan.pl\/?p=7119\">Wernisa\u017c wystawy w Pradze<\/a><\/strong><\/td>\n<\/tr>\n<tr style=\"height: 316px;\">\n<td style=\"width: 100%; text-align: center; height: 316px;\"><a href=\"https:\/\/archiwumnauki.pan.pl\/?p=7105\"><img loading=\"lazy\" decoding=\"async\" class=\"alignleft wp-image-7107 size-medium\" src=\"https:\/\/archiwumnauki.pan.pl\/wp-content\/uploads\/2026\/02\/Zaproszenie_pages-to-jpg-0001-141x300.jpg\" alt=\"\" width=\"141\" height=\"300\" srcset=\"https:\/\/archiwumnauki.pan.pl\/wp-content\/uploads\/2026\/02\/Zaproszenie_pages-to-jpg-0001-141x300.jpg 141w, https:\/\/archiwumnauki.pan.pl\/wp-content\/uploads\/2026\/02\/Zaproszenie_pages-to-jpg-0001-483x1024.jpg 483w, https:\/\/archiwumnauki.pan.pl\/wp-content\/uploads\/2026\/02\/Zaproszenie_pages-to-jpg-0001-768x1629.jpg 768w, https:\/\/archiwumnauki.pan.pl\/wp-content\/uploads\/2026\/02\/Zaproszenie_pages-to-jpg-0001-724x1536.jpg 724w, https:\/\/archiwumnauki.pan.pl\/wp-content\/uploads\/2026\/02\/Zaproszenie_pages-to-jpg-0001-966x2048.jpg 966w, https:\/\/archiwumnauki.pan.pl\/wp-content\/uploads\/2026\/02\/Zaproszenie_pages-to-jpg-0001-127x270.jpg 127w, https:\/\/archiwumnauki.pan.pl\/wp-content\/uploads\/2026\/02\/Zaproszenie_pages-to-jpg-0001.jpg 1170w\" sizes=\"auto, (max-width: 141px) 100vw, 141px\" \/><\/a><a href=\"https:\/\/archiwumnauki.pan.pl\/?p=7105\"><strong>Zaproszenie na wernisa\u017c wystawy<br \/>\n<\/strong><strong>\u201e\u0179r\u00f3d\u0142a nauce przywr\u00f3cone. Konserwacja archiwali\u00f3w<br \/>\nParafii Ewangelicko-Augsburskiej w Krakowie\u201d<\/strong><\/a><\/td>\n<\/tr>\n<tr style=\"height: 216px;\">\n<td style=\"width: 100%; text-align: center; height: 216px;\"><a href=\"https:\/\/archiwumnauki.pan.pl\/?p=7101\"><img loading=\"lazy\" decoding=\"async\" class=\"alignleft wp-image-7004 size-medium\" src=\"https:\/\/archiwumnauki.pan.pl\/wp-content\/uploads\/2025\/12\/IMG_1428-300x200.jpg\" alt=\"\" width=\"300\" height=\"200\" srcset=\"https:\/\/archiwumnauki.pan.pl\/wp-content\/uploads\/2025\/12\/IMG_1428-300x200.jpg 300w, https:\/\/archiwumnauki.pan.pl\/wp-content\/uploads\/2025\/12\/IMG_1428-1024x683.jpg 1024w, https:\/\/archiwumnauki.pan.pl\/wp-content\/uploads\/2025\/12\/IMG_1428-768x512.jpg 768w, https:\/\/archiwumnauki.pan.pl\/wp-content\/uploads\/2025\/12\/IMG_1428-1536x1024.jpg 1536w, https:\/\/archiwumnauki.pan.pl\/wp-content\/uploads\/2025\/12\/IMG_1428-2048x1365.jpg 2048w, https:\/\/archiwumnauki.pan.pl\/wp-content\/uploads\/2025\/12\/IMG_1428-405x270.jpg 405w\" sizes=\"auto, (max-width: 300px) 100vw, 300px\" \/><\/a><strong><a href=\"https:\/\/archiwumnauki.pan.pl\/?p=7101\">Ograniczenia w dzia\u0142alno\u015bci Pracowni Naukowej<\/a><br \/>\n<\/strong><\/td>\n<\/tr>\n<tr style=\"height: 226px;\">\n<td style=\"width: 100%; text-align: center; height: 226px;\"><strong><a href=\"https:\/\/archiwumnauki.pan.pl\/?p=7086\"><img loading=\"lazy\" decoding=\"async\" class=\"alignleft wp-image-7095 size-medium\" src=\"https:\/\/archiwumnauki.pan.pl\/wp-content\/uploads\/2026\/01\/c83989de-e0c4-4de2-8ad0-6d3d539c2426-300x211.png\" alt=\"\" width=\"300\" height=\"211\" srcset=\"https:\/\/archiwumnauki.pan.pl\/wp-content\/uploads\/2026\/01\/c83989de-e0c4-4de2-8ad0-6d3d539c2426-300x211.png 300w, https:\/\/archiwumnauki.pan.pl\/wp-content\/uploads\/2026\/01\/c83989de-e0c4-4de2-8ad0-6d3d539c2426-1024x722.png 1024w, https:\/\/archiwumnauki.pan.pl\/wp-content\/uploads\/2026\/01\/c83989de-e0c4-4de2-8ad0-6d3d539c2426-768x541.png 768w, https:\/\/archiwumnauki.pan.pl\/wp-content\/uploads\/2026\/01\/c83989de-e0c4-4de2-8ad0-6d3d539c2426-1536x1082.png 1536w, https:\/\/archiwumnauki.pan.pl\/wp-content\/uploads\/2026\/01\/c83989de-e0c4-4de2-8ad0-6d3d539c2426-383x270.png 383w, https:\/\/archiwumnauki.pan.pl\/wp-content\/uploads\/2026\/01\/c83989de-e0c4-4de2-8ad0-6d3d539c2426.png 1920w\" sizes=\"auto, (max-width: 300px) 100vw, 300px\" \/><\/a><a href=\"https:\/\/archiwumnauki.pan.pl\/?p=7086\">Wystawa fotografii Josefa Vlha w Pradze<\/a><\/strong><\/td>\n<\/tr>\n<tr style=\"height: 215px;\">\n<td style=\"width: 100%; text-align: center; height: 215px;\"><strong><a href=\"https:\/\/archiwumnauki.pan.pl\/?p=7079\"><img loading=\"lazy\" decoding=\"async\" class=\"alignleft wp-image-7080 size-medium\" src=\"https:\/\/archiwumnauki.pan.pl\/wp-content\/uploads\/2026\/01\/IMG_2199-300x200.jpg\" alt=\"\" width=\"300\" height=\"200\" srcset=\"https:\/\/archiwumnauki.pan.pl\/wp-content\/uploads\/2026\/01\/IMG_2199-300x200.jpg 300w, https:\/\/archiwumnauki.pan.pl\/wp-content\/uploads\/2026\/01\/IMG_2199-1024x683.jpg 1024w, https:\/\/archiwumnauki.pan.pl\/wp-content\/uploads\/2026\/01\/IMG_2199-768x512.jpg 768w, https:\/\/archiwumnauki.pan.pl\/wp-content\/uploads\/2026\/01\/IMG_2199-1536x1024.jpg 1536w, https:\/\/archiwumnauki.pan.pl\/wp-content\/uploads\/2026\/01\/IMG_2199-2048x1365.jpg 2048w, https:\/\/archiwumnauki.pan.pl\/wp-content\/uploads\/2026\/01\/IMG_2199-405x270.jpg 405w\" sizes=\"auto, (max-width: 300px) 100vw, 300px\" \/><\/a><a href=\"https:\/\/archiwumnauki.pan.pl\/?p=7079\">Wystawa &#8222;Droga wytrwa\u0142o\u015bci&#8221; otwarta do 6 lutego br.<\/a><\/strong><\/td>\n<\/tr>\n<tr style=\"height: 433px;\">\n<td style=\"width: 100%; text-align: center; height: 433px;\"><a href=\"https:\/\/archiwumnauki.pan.pl\/wp-content\/uploads\/2025\/12\/3.jpg\"><img loading=\"lazy\" decoding=\"async\" class=\"aligncenter wp-image-7063 size-large\" src=\"https:\/\/archiwumnauki.pan.pl\/wp-content\/uploads\/2025\/12\/3-1024x655.jpg\" alt=\"\" width=\"640\" height=\"409\" srcset=\"https:\/\/archiwumnauki.pan.pl\/wp-content\/uploads\/2025\/12\/3-1024x655.jpg 1024w, https:\/\/archiwumnauki.pan.pl\/wp-content\/uploads\/2025\/12\/3-300x192.jpg 300w, https:\/\/archiwumnauki.pan.pl\/wp-content\/uploads\/2025\/12\/3-768x491.jpg 768w, https:\/\/archiwumnauki.pan.pl\/wp-content\/uploads\/2025\/12\/3-422x270.jpg 422w, https:\/\/archiwumnauki.pan.pl\/wp-content\/uploads\/2025\/12\/3.jpg 1126w\" sizes=\"auto, (max-width: 640px) 100vw, 640px\" \/><\/a><strong><br \/>\n<\/strong><\/td>\n<\/tr>\n<tr style=\"height: 231px;\">\n<td style=\"width: 100%; text-align: center; height: 231px;\"><a href=\"https:\/\/archiwumnauki.pan.pl\/?p=6997\"><img loading=\"lazy\" decoding=\"async\" class=\"alignleft wp-image-7004 size-medium\" src=\"https:\/\/archiwumnauki.pan.pl\/wp-content\/uploads\/2025\/12\/IMG_1428-300x200.jpg\" alt=\"\" width=\"300\" height=\"200\" srcset=\"https:\/\/archiwumnauki.pan.pl\/wp-content\/uploads\/2025\/12\/IMG_1428-300x200.jpg 300w, https:\/\/archiwumnauki.pan.pl\/wp-content\/uploads\/2025\/12\/IMG_1428-1024x683.jpg 1024w, https:\/\/archiwumnauki.pan.pl\/wp-content\/uploads\/2025\/12\/IMG_1428-768x512.jpg 768w, https:\/\/archiwumnauki.pan.pl\/wp-content\/uploads\/2025\/12\/IMG_1428-1536x1024.jpg 1536w, https:\/\/archiwumnauki.pan.pl\/wp-content\/uploads\/2025\/12\/IMG_1428-2048x1365.jpg 2048w, https:\/\/archiwumnauki.pan.pl\/wp-content\/uploads\/2025\/12\/IMG_1428-405x270.jpg 405w\" sizes=\"auto, (max-width: 300px) 100vw, 300px\" \/><\/a><\/p>\n<p><a href=\"https:\/\/archiwumnauki.pan.pl\/?p=6997\"><strong>Pracownia Naukowa w okresie \u015bwi\u0105tecznym &#8211; informacje dla czytelnik\u00f3w<\/strong><\/a><\/td>\n<\/tr>\n<tr style=\"height: 186px;\">\n<td style=\"width: 100%; text-align: center; height: 186px;\"><a href=\"https:\/\/archiwumnauki.pan.pl\/?p=7065\"><img loading=\"lazy\" decoding=\"async\" class=\"alignleft wp-image-5739 size-medium\" src=\"https:\/\/archiwumnauki.pan.pl\/wp-content\/uploads\/2023\/12\/img21-300x171.jpg\" alt=\"\" width=\"300\" height=\"171\" srcset=\"https:\/\/archiwumnauki.pan.pl\/wp-content\/uploads\/2023\/12\/img21-300x171.jpg 300w, https:\/\/archiwumnauki.pan.pl\/wp-content\/uploads\/2023\/12\/img21-768x438.jpg 768w, https:\/\/archiwumnauki.pan.pl\/wp-content\/uploads\/2023\/12\/img21-473x270.jpg 473w, https:\/\/archiwumnauki.pan.pl\/wp-content\/uploads\/2023\/12\/img21.jpg 960w\" sizes=\"auto, (max-width: 300px) 100vw, 300px\" \/><\/a><strong><a href=\"https:\/\/archiwumnauki.pan.pl\/?p=7065\">Dotacja od Fundacji Wac\u0142awa Felczaka<\/a><\/strong><\/td>\n<\/tr>\n<tr style=\"height: 240px;\">\n<td style=\"width: 100%; text-align: center; height: 240px;\"><strong><a href=\"https:\/\/archiwumnauki.pan.pl\/?p=7050\">Odznaczenie od w\u0142adz Mongolii<\/a><\/strong><a href=\"https:\/\/archiwumnauki.pan.pl\/?p=7050\"><img loading=\"lazy\" decoding=\"async\" class=\"alignleft wp-image-7049 size-medium\" src=\"https:\/\/archiwumnauki.pan.pl\/wp-content\/uploads\/2025\/12\/294ada8b-b0dd-41ad-a5e5-27b36b35ee9e-300x225.jpeg\" alt=\"\" width=\"300\" height=\"225\" srcset=\"https:\/\/archiwumnauki.pan.pl\/wp-content\/uploads\/2025\/12\/294ada8b-b0dd-41ad-a5e5-27b36b35ee9e-300x225.jpeg 300w, https:\/\/archiwumnauki.pan.pl\/wp-content\/uploads\/2025\/12\/294ada8b-b0dd-41ad-a5e5-27b36b35ee9e-1024x768.jpeg 1024w, https:\/\/archiwumnauki.pan.pl\/wp-content\/uploads\/2025\/12\/294ada8b-b0dd-41ad-a5e5-27b36b35ee9e-768x576.jpeg 768w, https:\/\/archiwumnauki.pan.pl\/wp-content\/uploads\/2025\/12\/294ada8b-b0dd-41ad-a5e5-27b36b35ee9e-1536x1152.jpeg 1536w, https:\/\/archiwumnauki.pan.pl\/wp-content\/uploads\/2025\/12\/294ada8b-b0dd-41ad-a5e5-27b36b35ee9e-360x270.jpeg 360w, https:\/\/archiwumnauki.pan.pl\/wp-content\/uploads\/2025\/12\/294ada8b-b0dd-41ad-a5e5-27b36b35ee9e.jpeg 2048w\" sizes=\"auto, (max-width: 300px) 100vw, 300px\" \/><\/a><\/td>\n<\/tr>\n<tr style=\"height: 215px;\">\n<td style=\"width: 100%; text-align: center; height: 215px;\"><strong><a href=\"https:\/\/archiwumnauki.pan.pl\/?p=7030\"><img loading=\"lazy\" decoding=\"async\" class=\"alignleft wp-image-7032 size-medium\" src=\"https:\/\/archiwumnauki.pan.pl\/wp-content\/uploads\/2025\/12\/IMG_2306-300x200.jpg\" alt=\"\" width=\"300\" height=\"200\" srcset=\"https:\/\/archiwumnauki.pan.pl\/wp-content\/uploads\/2025\/12\/IMG_2306-300x200.jpg 300w, https:\/\/archiwumnauki.pan.pl\/wp-content\/uploads\/2025\/12\/IMG_2306-1024x683.jpg 1024w, https:\/\/archiwumnauki.pan.pl\/wp-content\/uploads\/2025\/12\/IMG_2306-768x512.jpg 768w, https:\/\/archiwumnauki.pan.pl\/wp-content\/uploads\/2025\/12\/IMG_2306-1536x1024.jpg 1536w, https:\/\/archiwumnauki.pan.pl\/wp-content\/uploads\/2025\/12\/IMG_2306-2048x1365.jpg 2048w, https:\/\/archiwumnauki.pan.pl\/wp-content\/uploads\/2025\/12\/IMG_2306-405x270.jpg 405w\" sizes=\"auto, (max-width: 300px) 100vw, 300px\" \/><\/a><a href=\"https:\/\/archiwumnauki.pan.pl\/?p=7030\">Wizyta student\u00f3w etnologii i antropologii kulturowej UJ<\/a><\/strong><\/td>\n<\/tr>\n<tr style=\"height: 315px;\">\n<td style=\"width: 100%; text-align: center; height: 315px;\"><strong><a href=\"https:\/\/archiwumnauki.pan.pl\/?p=7024\"><img loading=\"lazy\" decoding=\"async\" class=\"alignleft wp-image-7020 size-medium\" src=\"https:\/\/archiwumnauki.pan.pl\/wp-content\/uploads\/2025\/12\/IMG_2357-200x300.jpg\" alt=\"\" width=\"200\" height=\"300\" srcset=\"https:\/\/archiwumnauki.pan.pl\/wp-content\/uploads\/2025\/12\/IMG_2357-200x300.jpg 200w, https:\/\/archiwumnauki.pan.pl\/wp-content\/uploads\/2025\/12\/IMG_2357-683x1024.jpg 683w, https:\/\/archiwumnauki.pan.pl\/wp-content\/uploads\/2025\/12\/IMG_2357-768x1152.jpg 768w, https:\/\/archiwumnauki.pan.pl\/wp-content\/uploads\/2025\/12\/IMG_2357-1024x1536.jpg 1024w, https:\/\/archiwumnauki.pan.pl\/wp-content\/uploads\/2025\/12\/IMG_2357-1365x2048.jpg 1365w, https:\/\/archiwumnauki.pan.pl\/wp-content\/uploads\/2025\/12\/IMG_2357-180x270.jpg 180w, https:\/\/archiwumnauki.pan.pl\/wp-content\/uploads\/2025\/12\/IMG_2357-scaled.jpg 1707w\" sizes=\"auto, (max-width: 200px) 100vw, 200px\" \/><\/a><a href=\"https:\/\/archiwumnauki.pan.pl\/?p=7024\">Nowa szopka w Archiwum<\/a><\/strong><\/td>\n<\/tr>\n<tr style=\"height: 215px;\">\n<td style=\"width: 100%; text-align: center; height: 215px;\"><strong><a href=\"https:\/\/archiwumnauki.pan.pl\/?p=6983\"><img loading=\"lazy\" decoding=\"async\" class=\"alignleft wp-image-6985 size-medium\" src=\"https:\/\/archiwumnauki.pan.pl\/wp-content\/uploads\/2025\/12\/01-300x200.jpg\" alt=\"\" width=\"300\" height=\"200\" srcset=\"https:\/\/archiwumnauki.pan.pl\/wp-content\/uploads\/2025\/12\/01-300x200.jpg 300w, https:\/\/archiwumnauki.pan.pl\/wp-content\/uploads\/2025\/12\/01-1024x683.jpg 1024w, https:\/\/archiwumnauki.pan.pl\/wp-content\/uploads\/2025\/12\/01-768x512.jpg 768w, https:\/\/archiwumnauki.pan.pl\/wp-content\/uploads\/2025\/12\/01-1536x1024.jpg 1536w, https:\/\/archiwumnauki.pan.pl\/wp-content\/uploads\/2025\/12\/01-2048x1365.jpg 2048w, https:\/\/archiwumnauki.pan.pl\/wp-content\/uploads\/2025\/12\/01-405x270.jpg 405w\" sizes=\"auto, (max-width: 300px) 100vw, 300px\" \/><\/a><a href=\"https:\/\/archiwumnauki.pan.pl\/?p=6983\">Pokaz dla student\u00f3w historii\u00a0<\/a><\/strong><\/td>\n<\/tr>\n<tr style=\"height: 215px;\">\n<td style=\"width: 100%; text-align: center; height: 215px;\"><b><a href=\"https:\/\/archiwumnauki.pan.pl\/?p=6952\"><img loading=\"lazy\" decoding=\"async\" class=\"alignleft wp-image-6971 size-medium\" src=\"https:\/\/archiwumnauki.pan.pl\/wp-content\/uploads\/2025\/11\/IMG_2229-300x200.jpg\" alt=\"\" width=\"300\" height=\"200\" srcset=\"https:\/\/archiwumnauki.pan.pl\/wp-content\/uploads\/2025\/11\/IMG_2229-300x200.jpg 300w, https:\/\/archiwumnauki.pan.pl\/wp-content\/uploads\/2025\/11\/IMG_2229-1024x683.jpg 1024w, https:\/\/archiwumnauki.pan.pl\/wp-content\/uploads\/2025\/11\/IMG_2229-768x512.jpg 768w, https:\/\/archiwumnauki.pan.pl\/wp-content\/uploads\/2025\/11\/IMG_2229-1536x1024.jpg 1536w, https:\/\/archiwumnauki.pan.pl\/wp-content\/uploads\/2025\/11\/IMG_2229-2048x1365.jpg 2048w, https:\/\/archiwumnauki.pan.pl\/wp-content\/uploads\/2025\/11\/IMG_2229-405x270.jpg 405w\" sizes=\"auto, (max-width: 300px) 100vw, 300px\" \/><\/a><a href=\"https:\/\/archiwumnauki.pan.pl\/?p=6952\">&#8222;Droga wytrwa\u0142o\u015bci. Z dziej\u00f3w polskiej biografii narodowej&#8221; &#8211; wernisa\u017c wystawy<\/a><\/b><\/td>\n<\/tr>\n<tr style=\"height: 315px;\">\n<td style=\"width: 100%; text-align: center; height: 315px;\"><strong><a href=\"https:\/\/archiwumnauki.pan.pl\/?p=6944\"><img loading=\"lazy\" decoding=\"async\" class=\"alignleft wp-image-6947 size-medium\" src=\"https:\/\/archiwumnauki.pan.pl\/wp-content\/uploads\/2025\/11\/AN-PSB_zaproszenie-wystawa_page-0001-283x300.jpg\" alt=\"\" width=\"283\" height=\"300\" srcset=\"https:\/\/archiwumnauki.pan.pl\/wp-content\/uploads\/2025\/11\/AN-PSB_zaproszenie-wystawa_page-0001-283x300.jpg 283w, https:\/\/archiwumnauki.pan.pl\/wp-content\/uploads\/2025\/11\/AN-PSB_zaproszenie-wystawa_page-0001-965x1024.jpg 965w, https:\/\/archiwumnauki.pan.pl\/wp-content\/uploads\/2025\/11\/AN-PSB_zaproszenie-wystawa_page-0001-768x815.jpg 768w, https:\/\/archiwumnauki.pan.pl\/wp-content\/uploads\/2025\/11\/AN-PSB_zaproszenie-wystawa_page-0001-1448x1536.jpg 1448w, https:\/\/archiwumnauki.pan.pl\/wp-content\/uploads\/2025\/11\/AN-PSB_zaproszenie-wystawa_page-0001-1931x2048.jpg 1931w, https:\/\/archiwumnauki.pan.pl\/wp-content\/uploads\/2025\/11\/AN-PSB_zaproszenie-wystawa_page-0001-255x270.jpg 255w\" sizes=\"auto, (max-width: 283px) 100vw, 283px\" \/><\/a><a href=\"https:\/\/archiwumnauki.pan.pl\/?p=6944\">Wernisa\u017c wystawy &#8222;Droga wytrwa\u0142o\u015bci&#8221; &#8211; zaproszenie<\/a><\/strong><\/td>\n<\/tr>\n<tr style=\"height: 215px;\">\n<td style=\"width: 100%; text-align: center; height: 215px;\"><a href=\"https:\/\/archiwumnauki.pan.pl\/?p=6923\"><img loading=\"lazy\" decoding=\"async\" class=\"alignleft wp-image-6802 size-medium\" src=\"https:\/\/archiwumnauki.pan.pl\/wp-content\/uploads\/2025\/05\/IMG_9027-300x200.jpg\" alt=\"\" width=\"300\" height=\"200\" srcset=\"https:\/\/archiwumnauki.pan.pl\/wp-content\/uploads\/2025\/05\/IMG_9027-300x200.jpg 300w, https:\/\/archiwumnauki.pan.pl\/wp-content\/uploads\/2025\/05\/IMG_9027-1024x683.jpg 1024w, https:\/\/archiwumnauki.pan.pl\/wp-content\/uploads\/2025\/05\/IMG_9027-768x512.jpg 768w, https:\/\/archiwumnauki.pan.pl\/wp-content\/uploads\/2025\/05\/IMG_9027-1536x1024.jpg 1536w, https:\/\/archiwumnauki.pan.pl\/wp-content\/uploads\/2025\/05\/IMG_9027-2048x1365.jpg 2048w, https:\/\/archiwumnauki.pan.pl\/wp-content\/uploads\/2025\/05\/IMG_9027-405x270.jpg 405w\" sizes=\"auto, (max-width: 300px) 100vw, 300px\" \/><\/a><a href=\"https:\/\/archiwumnauki.pan.pl\/?p=6923\"><strong>Ponowne otwarcie wystawy &#8222;Sadyk Bej (1865-1944). W s\u0142u\u017cbie dw\u00f3ch narod\u00f3w\u201d<\/strong><\/a><\/td>\n<\/tr>\n<tr style=\"height: 215px;\">\n<td style=\"width: 100%; text-align: center; height: 215px;\"><strong><a href=\"https:\/\/archiwumnauki.pan.pl\/?p=6914\"><img loading=\"lazy\" decoding=\"async\" class=\"alignleft wp-image-6913 size-medium\" src=\"https:\/\/archiwumnauki.pan.pl\/wp-content\/uploads\/2025\/09\/06-300x200.jpg\" alt=\"\" width=\"300\" height=\"200\" srcset=\"https:\/\/archiwumnauki.pan.pl\/wp-content\/uploads\/2025\/09\/06-300x200.jpg 300w, https:\/\/archiwumnauki.pan.pl\/wp-content\/uploads\/2025\/09\/06-1024x683.jpg 1024w, https:\/\/archiwumnauki.pan.pl\/wp-content\/uploads\/2025\/09\/06-768x512.jpg 768w, https:\/\/archiwumnauki.pan.pl\/wp-content\/uploads\/2025\/09\/06-1536x1024.jpg 1536w, https:\/\/archiwumnauki.pan.pl\/wp-content\/uploads\/2025\/09\/06-2048x1365.jpg 2048w, https:\/\/archiwumnauki.pan.pl\/wp-content\/uploads\/2025\/09\/06-405x270.jpg 405w\" sizes=\"auto, (max-width: 300px) 100vw, 300px\" \/><\/a><a href=\"https:\/\/archiwumnauki.pan.pl\/?p=6914\">Pokaz archiwali\u00f3w dla cz\u0142onk\u00f3w Akademii M\u0142odych Uczonych PAN<\/a><\/strong><\/td>\n<\/tr>\n<tr style=\"height: 215px;\">\n<td style=\"width: 100%; text-align: center; height: 215px;\"><strong><a href=\"https:\/\/archiwumnauki.pan.pl\/?p=6902\"><img loading=\"lazy\" decoding=\"async\" class=\"alignleft wp-image-6649 size-medium\" src=\"https:\/\/archiwumnauki.pan.pl\/wp-content\/uploads\/2025\/03\/006-300x200.jpg\" alt=\"\" width=\"300\" height=\"200\" srcset=\"https:\/\/archiwumnauki.pan.pl\/wp-content\/uploads\/2025\/03\/006-300x200.jpg 300w, https:\/\/archiwumnauki.pan.pl\/wp-content\/uploads\/2025\/03\/006-1024x683.jpg 1024w, https:\/\/archiwumnauki.pan.pl\/wp-content\/uploads\/2025\/03\/006-768x512.jpg 768w, https:\/\/archiwumnauki.pan.pl\/wp-content\/uploads\/2025\/03\/006-1536x1024.jpg 1536w, https:\/\/archiwumnauki.pan.pl\/wp-content\/uploads\/2025\/03\/006-2048x1365.jpg 2048w, https:\/\/archiwumnauki.pan.pl\/wp-content\/uploads\/2025\/03\/006-405x270.jpg 405w\" sizes=\"auto, (max-width: 300px) 100vw, 300px\" \/><\/a><a href=\"https:\/\/archiwumnauki.pan.pl\/?p=6902\">Archiwum Nauki w mongolskim reporta\u017cu\u00a0<\/a><\/strong><\/td>\n<\/tr>\n<tr style=\"height: 315px;\">\n<td style=\"width: 100%; text-align: center; height: 315px;\"><a href=\"https:\/\/archiwumnauki.pan.pl\/?p=6889\"><img loading=\"lazy\" decoding=\"async\" class=\"alignleft wp-image-6890 size-medium\" src=\"https:\/\/archiwumnauki.pan.pl\/wp-content\/uploads\/2025\/09\/01-225x300.jpg\" alt=\"\" width=\"225\" height=\"300\" srcset=\"https:\/\/archiwumnauki.pan.pl\/wp-content\/uploads\/2025\/09\/01-225x300.jpg 225w, https:\/\/archiwumnauki.pan.pl\/wp-content\/uploads\/2025\/09\/01-768x1024.jpg 768w, https:\/\/archiwumnauki.pan.pl\/wp-content\/uploads\/2025\/09\/01-1152x1536.jpg 1152w, https:\/\/archiwumnauki.pan.pl\/wp-content\/uploads\/2025\/09\/01-203x270.jpg 203w, https:\/\/archiwumnauki.pan.pl\/wp-content\/uploads\/2025\/09\/01.jpg 1536w\" sizes=\"auto, (max-width: 225px) 100vw, 225px\" \/><\/a><a href=\"https:\/\/archiwumnauki.pan.pl\/?p=6889\"><strong>Publikacja pokonferencyjna<\/strong><\/a><\/td>\n<\/tr>\n<tr style=\"height: 215px;\">\n<td style=\"width: 100%; text-align: center; height: 215px;\"><a href=\"https:\/\/archiwumnauki.pan.pl\/?p=6881\"><img loading=\"lazy\" decoding=\"async\" class=\"alignleft wp-image-6882 size-medium\" src=\"https:\/\/archiwumnauki.pan.pl\/wp-content\/uploads\/2025\/07\/IMG_9071-300x200.jpg\" alt=\"\" width=\"300\" height=\"200\" srcset=\"https:\/\/archiwumnauki.pan.pl\/wp-content\/uploads\/2025\/07\/IMG_9071-300x200.jpg 300w, https:\/\/archiwumnauki.pan.pl\/wp-content\/uploads\/2025\/07\/IMG_9071-1024x683.jpg 1024w, https:\/\/archiwumnauki.pan.pl\/wp-content\/uploads\/2025\/07\/IMG_9071-768x512.jpg 768w, https:\/\/archiwumnauki.pan.pl\/wp-content\/uploads\/2025\/07\/IMG_9071-1536x1024.jpg 1536w, https:\/\/archiwumnauki.pan.pl\/wp-content\/uploads\/2025\/07\/IMG_9071-2048x1365.jpg 2048w, https:\/\/archiwumnauki.pan.pl\/wp-content\/uploads\/2025\/07\/IMG_9071-405x270.jpg 405w\" sizes=\"auto, (max-width: 300px) 100vw, 300px\" \/><\/a><strong><a href=\"https:\/\/archiwumnauki.pan.pl\/?p=6881\">Zawieszenie wst\u0119pu na wystaw\u0119 &#8222;Sadyk Bej (1865-1944). W s\u0142u\u017cbie dw\u00f3ch narod\u00f3w&#8221;<\/a><\/strong><strong>\u00a0<\/strong><\/td>\n<\/tr>\n<tr style=\"height: 215px;\">\n<td style=\"width: 100%; text-align: center; height: 215px;\"><strong><a href=\"https:\/\/archiwumnauki.pan.pl\/?p=6875\"><img loading=\"lazy\" decoding=\"async\" class=\"alignleft wp-image-6860 size-medium\" src=\"https:\/\/archiwumnauki.pan.pl\/wp-content\/uploads\/2025\/06\/1-1-300x200.jpg\" alt=\"\" width=\"300\" height=\"200\" srcset=\"https:\/\/archiwumnauki.pan.pl\/wp-content\/uploads\/2025\/06\/1-1-300x200.jpg 300w, https:\/\/archiwumnauki.pan.pl\/wp-content\/uploads\/2025\/06\/1-1-1024x683.jpg 1024w, https:\/\/archiwumnauki.pan.pl\/wp-content\/uploads\/2025\/06\/1-1-768x512.jpg 768w, https:\/\/archiwumnauki.pan.pl\/wp-content\/uploads\/2025\/06\/1-1-1536x1024.jpg 1536w, https:\/\/archiwumnauki.pan.pl\/wp-content\/uploads\/2025\/06\/1-1-2048x1365.jpg 2048w, https:\/\/archiwumnauki.pan.pl\/wp-content\/uploads\/2025\/06\/1-1-405x270.jpg 405w\" sizes=\"auto, (max-width: 300px) 100vw, 300px\" \/><\/a><a href=\"https:\/\/archiwumnauki.pan.pl\/?p=6875\">Ostatnia szansa na zwiedzanie wystawy &#8222;Tatry nas \u0142\u0105cz\u0105&#8221;<\/a><\/strong><\/td>\n<\/tr>\n<tr style=\"height: 215px;\">\n<td style=\"width: 100%; text-align: center; height: 215px;\"><strong><a href=\"https:\/\/archiwumnauki.pan.pl\/?p=6859\"><img loading=\"lazy\" decoding=\"async\" class=\"alignleft wp-image-6867 size-medium\" src=\"https:\/\/archiwumnauki.pan.pl\/wp-content\/uploads\/2025\/06\/8-1-300x200.jpg\" alt=\"\" width=\"300\" height=\"200\" srcset=\"https:\/\/archiwumnauki.pan.pl\/wp-content\/uploads\/2025\/06\/8-1-300x200.jpg 300w, https:\/\/archiwumnauki.pan.pl\/wp-content\/uploads\/2025\/06\/8-1-1024x683.jpg 1024w, https:\/\/archiwumnauki.pan.pl\/wp-content\/uploads\/2025\/06\/8-1-768x512.jpg 768w, https:\/\/archiwumnauki.pan.pl\/wp-content\/uploads\/2025\/06\/8-1-1536x1024.jpg 1536w, https:\/\/archiwumnauki.pan.pl\/wp-content\/uploads\/2025\/06\/8-1-2048x1365.jpg 2048w, https:\/\/archiwumnauki.pan.pl\/wp-content\/uploads\/2025\/06\/8-1-405x270.jpg 405w\" sizes=\"auto, (max-width: 300px) 100vw, 300px\" \/><\/a><a href=\"https:\/\/archiwumnauki.pan.pl\/?p=6859\">&#8222;Tatry nas \u0142\u0105cz\u0105&#8221; &#8211; wernisa\u017c wystawy<\/a><\/strong><\/td>\n<\/tr>\n<tr style=\"height: 160px;\">\n<td style=\"width: 100%; text-align: center; height: 160px;\"><a href=\"https:\/\/archiwumnauki.pan.pl\/?p=6796\"><img loading=\"lazy\" decoding=\"async\" class=\"alignleft wp-image-6790 size-medium\" src=\"https:\/\/archiwumnauki.pan.pl\/wp-content\/uploads\/2025\/05\/IMG_8909-300x200.jpg\" alt=\"\" width=\"300\" height=\"200\" srcset=\"https:\/\/archiwumnauki.pan.pl\/wp-content\/uploads\/2025\/05\/IMG_8909-300x200.jpg 300w, https:\/\/archiwumnauki.pan.pl\/wp-content\/uploads\/2025\/05\/IMG_8909-1024x683.jpg 1024w, https:\/\/archiwumnauki.pan.pl\/wp-content\/uploads\/2025\/05\/IMG_8909-768x512.jpg 768w, https:\/\/archiwumnauki.pan.pl\/wp-content\/uploads\/2025\/05\/IMG_8909-1536x1024.jpg 1536w, https:\/\/archiwumnauki.pan.pl\/wp-content\/uploads\/2025\/05\/IMG_8909-2048x1365.jpg 2048w, https:\/\/archiwumnauki.pan.pl\/wp-content\/uploads\/2025\/05\/IMG_8909-405x270.jpg 405w\" sizes=\"auto, (max-width: 300px) 100vw, 300px\" \/><\/a><strong><a href=\"https:\/\/archiwumnauki.pan.pl\/?p=6796\">Seminarium naukowe i wernisa\u017c wystawy &#8222;Sadyk Bej (1865 &#8211; 1944). W s\u0142u\u017cbie dw\u00f3ch narod\u00f3w&#8221; (29 maja 2025)<\/a><\/strong><\/td>\n<\/tr>\n<tr style=\"height: 316px;\">\n<td style=\"width: 100%; text-align: center; height: 316px;\"><strong data-wp-editing=\"1\"><a href=\"https:\/\/archiwumnauki.pan.pl\/?p=6764\"><img loading=\"lazy\" decoding=\"async\" class=\"alignleft wp-image-6763 size-medium\" src=\"https:\/\/archiwumnauki.pan.pl\/wp-content\/uploads\/2025\/05\/plakat_Sadyk-Bej_29-05-2025_page-0001-212x300.jpg\" alt=\"\" width=\"212\" height=\"300\" srcset=\"https:\/\/archiwumnauki.pan.pl\/wp-content\/uploads\/2025\/05\/plakat_Sadyk-Bej_29-05-2025_page-0001-212x300.jpg 212w, https:\/\/archiwumnauki.pan.pl\/wp-content\/uploads\/2025\/05\/plakat_Sadyk-Bej_29-05-2025_page-0001-724x1024.jpg 724w, https:\/\/archiwumnauki.pan.pl\/wp-content\/uploads\/2025\/05\/plakat_Sadyk-Bej_29-05-2025_page-0001-768x1086.jpg 768w, https:\/\/archiwumnauki.pan.pl\/wp-content\/uploads\/2025\/05\/plakat_Sadyk-Bej_29-05-2025_page-0001-1086x1536.jpg 1086w, https:\/\/archiwumnauki.pan.pl\/wp-content\/uploads\/2025\/05\/plakat_Sadyk-Bej_29-05-2025_page-0001-1448x2048.jpg 1448w, https:\/\/archiwumnauki.pan.pl\/wp-content\/uploads\/2025\/05\/plakat_Sadyk-Bej_29-05-2025_page-0001-191x270.jpg 191w, https:\/\/archiwumnauki.pan.pl\/wp-content\/uploads\/2025\/05\/plakat_Sadyk-Bej_29-05-2025_page-0001-scaled.jpg 1811w\" sizes=\"auto, (max-width: 212px) 100vw, 212px\" \/><\/a><a href=\"https:\/\/archiwumnauki.pan.pl\/?p=6764\"><img decoding=\"async\" class=\"alignnone size-full wp-image-6760\" src=\"https:\/\/archiwumnauki.pan.pl\/wp-content\/uploads\/2025\/05\/plakat_Sadyk-Bej_29-05-2025.tiff\" alt=\"\" \/>Zaproszenie na seminarium naukowe i wernisa\u017c wystawy &#8222;Sadyk Bej (1865 &#8211; 1944). W s\u0142u\u017cbie dw\u00f3ch narod\u00f3w&#8221;<\/a><\/strong><\/td>\n<\/tr>\n<tr style=\"height: 216px;\">\n<td style=\"width: 100%; text-align: center; height: 216px;\"><a href=\"https:\/\/archiwumnauki.pan.pl\/?p=6749\"><img loading=\"lazy\" decoding=\"async\" class=\"alignleft wp-image-6750 size-medium\" src=\"https:\/\/archiwumnauki.pan.pl\/wp-content\/uploads\/2025\/05\/IMG_8487-300x200.jpg\" alt=\"\" width=\"300\" height=\"200\" srcset=\"https:\/\/archiwumnauki.pan.pl\/wp-content\/uploads\/2025\/05\/IMG_8487-300x200.jpg 300w, https:\/\/archiwumnauki.pan.pl\/wp-content\/uploads\/2025\/05\/IMG_8487-1024x683.jpg 1024w, https:\/\/archiwumnauki.pan.pl\/wp-content\/uploads\/2025\/05\/IMG_8487-768x512.jpg 768w, https:\/\/archiwumnauki.pan.pl\/wp-content\/uploads\/2025\/05\/IMG_8487-1536x1024.jpg 1536w, https:\/\/archiwumnauki.pan.pl\/wp-content\/uploads\/2025\/05\/IMG_8487-2048x1365.jpg 2048w, https:\/\/archiwumnauki.pan.pl\/wp-content\/uploads\/2025\/05\/IMG_8487-405x270.jpg 405w\" sizes=\"auto, (max-width: 300px) 100vw, 300px\" \/><\/a><strong><a href=\"https:\/\/archiwumnauki.pan.pl\/?p=6749\">\u201eIkonograficzne \u017ar\u00f3d\u0142a historyczne do dziej\u00f3w nauki\u201d &#8211; pokaz<\/a><br \/>\n<\/strong><\/td>\n<\/tr>\n<tr style=\"height: 216px;\">\n<td style=\"width: 100%; text-align: center; height: 216px;\"><strong><a href=\"https:\/\/archiwumnauki.pan.pl\/?p=6739\"><img loading=\"lazy\" decoding=\"async\" class=\"alignleft wp-image-6744 size-medium\" src=\"https:\/\/archiwumnauki.pan.pl\/wp-content\/uploads\/2025\/05\/5-300x200.jpg\" alt=\"\" width=\"300\" height=\"200\" srcset=\"https:\/\/archiwumnauki.pan.pl\/wp-content\/uploads\/2025\/05\/5-300x200.jpg 300w, https:\/\/archiwumnauki.pan.pl\/wp-content\/uploads\/2025\/05\/5-1024x683.jpg 1024w, https:\/\/archiwumnauki.pan.pl\/wp-content\/uploads\/2025\/05\/5-768x512.jpg 768w, https:\/\/archiwumnauki.pan.pl\/wp-content\/uploads\/2025\/05\/5-1536x1024.jpg 1536w, https:\/\/archiwumnauki.pan.pl\/wp-content\/uploads\/2025\/05\/5-2048x1365.jpg 2048w, https:\/\/archiwumnauki.pan.pl\/wp-content\/uploads\/2025\/05\/5-405x270.jpg 405w\" sizes=\"auto, (max-width: 300px) 100vw, 300px\" \/><\/a><a href=\"https:\/\/archiwumnauki.pan.pl\/?p=6739\">Pokaz dla student\u00f3w judaistyki<\/a><\/strong><\/td>\n<\/tr>\n<tr style=\"height: 216px;\">\n<td style=\"width: 100%; text-align: center; height: 216px;\"><strong><a href=\"https:\/\/archiwumnauki.pan.pl\/?p=6715\"><img loading=\"lazy\" decoding=\"async\" class=\"alignleft wp-image-6718 size-medium\" src=\"https:\/\/archiwumnauki.pan.pl\/wp-content\/uploads\/2025\/05\/001-300x200.jpg\" alt=\"\" width=\"300\" height=\"200\" srcset=\"https:\/\/archiwumnauki.pan.pl\/wp-content\/uploads\/2025\/05\/001-300x200.jpg 300w, https:\/\/archiwumnauki.pan.pl\/wp-content\/uploads\/2025\/05\/001-1024x683.jpg 1024w, https:\/\/archiwumnauki.pan.pl\/wp-content\/uploads\/2025\/05\/001-768x512.jpg 768w, https:\/\/archiwumnauki.pan.pl\/wp-content\/uploads\/2025\/05\/001-1536x1024.jpg 1536w, https:\/\/archiwumnauki.pan.pl\/wp-content\/uploads\/2025\/05\/001-2048x1365.jpg 2048w, https:\/\/archiwumnauki.pan.pl\/wp-content\/uploads\/2025\/05\/001-405x270.jpg 405w\" sizes=\"auto, (max-width: 300px) 100vw, 300px\" \/><\/a><a href=\"https:\/\/archiwumnauki.pan.pl\/?p=6715\">Wizyta Ambasador Mongolii w Archiwum<\/a><\/strong><\/td>\n<\/tr>\n<tr style=\"height: 404px;\">\n<td style=\"width: 100%; text-align: center; height: 404px;\"><a href=\"https:\/\/archiwumnauki.pan.pl\/wp-content\/uploads\/2025\/04\/Kartka-2025.jpg\"><img loading=\"lazy\" decoding=\"async\" class=\"wp-image-6707 size-large aligncenter\" src=\"https:\/\/archiwumnauki.pan.pl\/wp-content\/uploads\/2025\/04\/Kartka-2025-1024x609.jpg\" alt=\"\" width=\"640\" height=\"381\" srcset=\"https:\/\/archiwumnauki.pan.pl\/wp-content\/uploads\/2025\/04\/Kartka-2025-1024x609.jpg 1024w, https:\/\/archiwumnauki.pan.pl\/wp-content\/uploads\/2025\/04\/Kartka-2025-300x178.jpg 300w, https:\/\/archiwumnauki.pan.pl\/wp-content\/uploads\/2025\/04\/Kartka-2025-768x457.jpg 768w, https:\/\/archiwumnauki.pan.pl\/wp-content\/uploads\/2025\/04\/Kartka-2025-454x270.jpg 454w, https:\/\/archiwumnauki.pan.pl\/wp-content\/uploads\/2025\/04\/Kartka-2025.jpg 1199w\" sizes=\"auto, (max-width: 640px) 100vw, 640px\" \/><\/a><strong><br \/>\n<\/strong><\/td>\n<\/tr>\n<tr style=\"height: 216px;\">\n<td style=\"width: 100%; text-align: center; height: 216px;\"><strong><a href=\"https:\/\/archiwumnauki.pan.pl\/?p=6683\"><img loading=\"lazy\" decoding=\"async\" class=\"alignleft wp-image-6686 size-medium\" src=\"https:\/\/archiwumnauki.pan.pl\/wp-content\/uploads\/2025\/04\/IMG_8279-300x200.jpg\" alt=\"\" width=\"300\" height=\"200\" srcset=\"https:\/\/archiwumnauki.pan.pl\/wp-content\/uploads\/2025\/04\/IMG_8279-300x200.jpg 300w, https:\/\/archiwumnauki.pan.pl\/wp-content\/uploads\/2025\/04\/IMG_8279-1024x683.jpg 1024w, https:\/\/archiwumnauki.pan.pl\/wp-content\/uploads\/2025\/04\/IMG_8279-768x512.jpg 768w, https:\/\/archiwumnauki.pan.pl\/wp-content\/uploads\/2025\/04\/IMG_8279-1536x1024.jpg 1536w, https:\/\/archiwumnauki.pan.pl\/wp-content\/uploads\/2025\/04\/IMG_8279-2048x1365.jpg 2048w, https:\/\/archiwumnauki.pan.pl\/wp-content\/uploads\/2025\/04\/IMG_8279-405x270.jpg 405w\" sizes=\"auto, (max-width: 300px) 100vw, 300px\" \/><\/a><a href=\"https:\/\/archiwumnauki.pan.pl\/?p=6683\">Warsztaty archiwalne w dniu 15 kwietnia 2025<\/a><\/strong><\/td>\n<\/tr>\n<tr style=\"height: 216px;\">\n<td style=\"width: 100%; text-align: center; height: 216px;\"><a href=\"https:\/\/archiwumnauki.pan.pl\/?p=6656\"><img loading=\"lazy\" decoding=\"async\" class=\"alignleft wp-image-6655 size-medium\" src=\"https:\/\/archiwumnauki.pan.pl\/wp-content\/uploads\/2025\/03\/012-300x200.jpg\" alt=\"\" width=\"300\" height=\"200\" srcset=\"https:\/\/archiwumnauki.pan.pl\/wp-content\/uploads\/2025\/03\/012-300x200.jpg 300w, https:\/\/archiwumnauki.pan.pl\/wp-content\/uploads\/2025\/03\/012-1024x683.jpg 1024w, https:\/\/archiwumnauki.pan.pl\/wp-content\/uploads\/2025\/03\/012-768x512.jpg 768w, https:\/\/archiwumnauki.pan.pl\/wp-content\/uploads\/2025\/03\/012-1536x1024.jpg 1536w, https:\/\/archiwumnauki.pan.pl\/wp-content\/uploads\/2025\/03\/012-2048x1365.jpg 2048w, https:\/\/archiwumnauki.pan.pl\/wp-content\/uploads\/2025\/03\/012-405x270.jpg 405w\" sizes=\"auto, (max-width: 300px) 100vw, 300px\" \/><\/a><a href=\"https:\/\/archiwumnauki.pan.pl\/?p=6656\"><strong>Wizyta mongolskich dziennikarzy w Archiwum Nauki<\/strong><\/a><\/td>\n<\/tr>\n<tr style=\"height: 24px;\">\n<td style=\"width: 100%; text-align: center; height: 24px;\"><strong><a href=\"https:\/\/archiwumnauki.pan.pl\/?p=6609\"><img loading=\"lazy\" decoding=\"async\" class=\"alignleft wp-image-6614 size-medium\" src=\"https:\/\/archiwumnauki.pan.pl\/wp-content\/uploads\/2025\/02\/logo-AP-PL-poziom-RGB-kolor-300x93.jpg\" alt=\"\" width=\"300\" height=\"93\" srcset=\"https:\/\/archiwumnauki.pan.pl\/wp-content\/uploads\/2025\/02\/logo-AP-PL-poziom-RGB-kolor-300x93.jpg 300w, https:\/\/archiwumnauki.pan.pl\/wp-content\/uploads\/2025\/02\/logo-AP-PL-poziom-RGB-kolor-604x188.jpg 604w, https:\/\/archiwumnauki.pan.pl\/wp-content\/uploads\/2025\/02\/logo-AP-PL-poziom-RGB-kolor.jpg 707w\" sizes=\"auto, (max-width: 300px) 100vw, 300px\" \/><\/a><a href=\"https:\/\/archiwumnauki.pan.pl\/?p=6609\">Opracowanie archiwalne spu\u015bcizn uczonych: Bronis\u0142awa Pi\u0142sudskiego (1866-1918) i Heleny Anny Wereszyckiej (1907-1995)<\/a><br \/>\n<\/strong><\/td>\n<\/tr>\n<tr style=\"height: 424px;\">\n<td style=\"width: 100%; text-align: justify; height: 424px;\"><a href=\"https:\/\/archiwumnauki.pan.pl\/wp-content\/uploads\/2024\/12\/Kartka-AN-PAN-i-PAU.jpg\"><img loading=\"lazy\" decoding=\"async\" class=\"wp-image-6598 aligncenter\" src=\"https:\/\/archiwumnauki.pan.pl\/wp-content\/uploads\/2024\/12\/Kartka-AN-PAN-i-PAU.jpg\" alt=\"\" width=\"650\" height=\"425\" srcset=\"https:\/\/archiwumnauki.pan.pl\/wp-content\/uploads\/2024\/12\/Kartka-AN-PAN-i-PAU.jpg 990w, https:\/\/archiwumnauki.pan.pl\/wp-content\/uploads\/2024\/12\/Kartka-AN-PAN-i-PAU-300x196.jpg 300w, https:\/\/archiwumnauki.pan.pl\/wp-content\/uploads\/2024\/12\/Kartka-AN-PAN-i-PAU-768x502.jpg 768w, https:\/\/archiwumnauki.pan.pl\/wp-content\/uploads\/2024\/12\/Kartka-AN-PAN-i-PAU-413x270.jpg 413w\" sizes=\"auto, (max-width: 650px) 100vw, 650px\" \/><\/a><\/td>\n<\/tr>\n<tr style=\"height: 187px;\">\n<td style=\"width: 100%; text-align: center; height: 187px;\"><strong><a href=\"https:\/\/archiwumnauki.pan.pl\/?p=6601\"><img loading=\"lazy\" decoding=\"async\" class=\"alignleft wp-image-5739 size-medium\" src=\"https:\/\/archiwumnauki.pan.pl\/wp-content\/uploads\/2023\/12\/img21-300x171.jpg\" alt=\"\" width=\"300\" height=\"171\" srcset=\"https:\/\/archiwumnauki.pan.pl\/wp-content\/uploads\/2023\/12\/img21-300x171.jpg 300w, https:\/\/archiwumnauki.pan.pl\/wp-content\/uploads\/2023\/12\/img21-768x438.jpg 768w, https:\/\/archiwumnauki.pan.pl\/wp-content\/uploads\/2023\/12\/img21-473x270.jpg 473w, https:\/\/archiwumnauki.pan.pl\/wp-content\/uploads\/2023\/12\/img21.jpg 960w\" sizes=\"auto, (max-width: 300px) 100vw, 300px\" \/><\/a><a href=\"https:\/\/archiwumnauki.pan.pl\/?p=6601\">Dotacja Fundacji im. Wac\u0142awa Felczaka<\/a><\/strong><\/td>\n<\/tr>\n<tr style=\"height: 56px;\">\n<td style=\"width: 100%; text-align: center; height: 56px;\"><strong><a href=\"https:\/\/archiwumnauki.pan.pl\/?p=6585\"><img loading=\"lazy\" decoding=\"async\" class=\"alignleft wp-image-6594 size-medium\" src=\"https:\/\/archiwumnauki.pan.pl\/wp-content\/uploads\/2024\/12\/009-1-300x200.jpg\" alt=\"\" width=\"300\" height=\"200\" srcset=\"https:\/\/archiwumnauki.pan.pl\/wp-content\/uploads\/2024\/12\/009-1-300x200.jpg 300w, https:\/\/archiwumnauki.pan.pl\/wp-content\/uploads\/2024\/12\/009-1-1024x683.jpg 1024w, https:\/\/archiwumnauki.pan.pl\/wp-content\/uploads\/2024\/12\/009-1-768x512.jpg 768w, https:\/\/archiwumnauki.pan.pl\/wp-content\/uploads\/2024\/12\/009-1-1536x1024.jpg 1536w, https:\/\/archiwumnauki.pan.pl\/wp-content\/uploads\/2024\/12\/009-1-2048x1365.jpg 2048w, https:\/\/archiwumnauki.pan.pl\/wp-content\/uploads\/2024\/12\/009-1-405x270.jpg 405w\" sizes=\"auto, (max-width: 300px) 100vw, 300px\" \/><\/a><a href=\"https:\/\/archiwumnauki.pan.pl\/?p=6585\">Przedstawiciele Mongolskiej Akademii Nauk w Archiwum<\/a><\/strong><\/td>\n<\/tr>\n<tr style=\"height: 216px;\">\n<td style=\"width: 100%; text-align: center; height: 216px;\"><strong><a href=\"https:\/\/archiwumnauki.pan.pl\/?p=6558\"><img loading=\"lazy\" decoding=\"async\" class=\"alignleft wp-image-6563 size-medium\" src=\"https:\/\/archiwumnauki.pan.pl\/wp-content\/uploads\/2024\/12\/004-300x200.jpg\" alt=\"\" width=\"300\" height=\"200\" srcset=\"https:\/\/archiwumnauki.pan.pl\/wp-content\/uploads\/2024\/12\/004-300x200.jpg 300w, https:\/\/archiwumnauki.pan.pl\/wp-content\/uploads\/2024\/12\/004-1024x683.jpg 1024w, https:\/\/archiwumnauki.pan.pl\/wp-content\/uploads\/2024\/12\/004-768x512.jpg 768w, https:\/\/archiwumnauki.pan.pl\/wp-content\/uploads\/2024\/12\/004-1536x1024.jpg 1536w, https:\/\/archiwumnauki.pan.pl\/wp-content\/uploads\/2024\/12\/004-405x270.jpg 405w, https:\/\/archiwumnauki.pan.pl\/wp-content\/uploads\/2024\/12\/004.jpg 2048w\" sizes=\"auto, (max-width: 300px) 100vw, 300px\" \/><\/a><a href=\"https:\/\/archiwumnauki.pan.pl\/?p=6558\">Wizyta Dyrektor Biura Organizacyjnego PAN<\/a><\/strong><\/td>\n<\/tr>\n<tr style=\"height: 216px;\">\n<td style=\"width: 100%; text-align: center; height: 216px;\"><strong><a href=\"https:\/\/archiwumnauki.pan.pl\/?p=6536\"><img loading=\"lazy\" decoding=\"async\" class=\"alignleft wp-image-6492 size-medium\" src=\"https:\/\/archiwumnauki.pan.pl\/wp-content\/uploads\/2024\/11\/IMG_6438-300x200.jpg\" alt=\"\" width=\"300\" height=\"200\" srcset=\"https:\/\/archiwumnauki.pan.pl\/wp-content\/uploads\/2024\/11\/IMG_6438-300x200.jpg 300w, https:\/\/archiwumnauki.pan.pl\/wp-content\/uploads\/2024\/11\/IMG_6438-1024x683.jpg 1024w, https:\/\/archiwumnauki.pan.pl\/wp-content\/uploads\/2024\/11\/IMG_6438-768x512.jpg 768w, https:\/\/archiwumnauki.pan.pl\/wp-content\/uploads\/2024\/11\/IMG_6438-1536x1024.jpg 1536w, https:\/\/archiwumnauki.pan.pl\/wp-content\/uploads\/2024\/11\/IMG_6438-2048x1365.jpg 2048w, https:\/\/archiwumnauki.pan.pl\/wp-content\/uploads\/2024\/11\/IMG_6438-405x270.jpg 405w\" sizes=\"auto, (max-width: 300px) 100vw, 300px\" \/><\/a><a href=\"https:\/\/archiwumnauki.pan.pl\/?p=6536\">Konferencja naukowa &#8222;Mi\u0119dzy ide\u0105 wolno\u015bci Uniwersytetu a nowymi realiami&#8221; &#8211; relacja fotograficzna<\/a><\/strong><\/td>\n<\/tr>\n<tr style=\"height: 316px;\">\n<td style=\"width: 100%; text-align: center; height: 316px;\"><strong><a href=\"https:\/\/archiwumnauki.pan.pl\/?p=6483\"><img loading=\"lazy\" decoding=\"async\" class=\"alignleft wp-image-6484 size-medium\" src=\"https:\/\/archiwumnauki.pan.pl\/wp-content\/uploads\/2024\/11\/plakat_page-0001-212x300.jpg\" alt=\"\" width=\"212\" height=\"300\" srcset=\"https:\/\/archiwumnauki.pan.pl\/wp-content\/uploads\/2024\/11\/plakat_page-0001-212x300.jpg 212w, https:\/\/archiwumnauki.pan.pl\/wp-content\/uploads\/2024\/11\/plakat_page-0001-724x1024.jpg 724w, https:\/\/archiwumnauki.pan.pl\/wp-content\/uploads\/2024\/11\/plakat_page-0001-768x1086.jpg 768w, https:\/\/archiwumnauki.pan.pl\/wp-content\/uploads\/2024\/11\/plakat_page-0001-1086x1536.jpg 1086w, https:\/\/archiwumnauki.pan.pl\/wp-content\/uploads\/2024\/11\/plakat_page-0001-1448x2048.jpg 1448w, https:\/\/archiwumnauki.pan.pl\/wp-content\/uploads\/2024\/11\/plakat_page-0001-191x270.jpg 191w, https:\/\/archiwumnauki.pan.pl\/wp-content\/uploads\/2024\/11\/plakat_page-0001-scaled.jpg 1811w\" sizes=\"auto, (max-width: 212px) 100vw, 212px\" \/><\/a><a href=\"https:\/\/archiwumnauki.pan.pl\/?p=6483\">Zaproszenie na konferencj\u0119 naukow\u0105 &#8222;Mi\u0119dzy ide\u0105 wolno\u015bci Uniwersytetu a nowymi realiami&#8221;<\/a><\/strong><\/td>\n<\/tr>\n<tr style=\"height: 216px;\">\n<td style=\"width: 100%; text-align: center; height: 216px;\"><strong><a href=\"https:\/\/archiwumnauki.pan.pl\/?p=6478\"><img loading=\"lazy\" decoding=\"async\" class=\"alignleft wp-image-6477 size-medium\" src=\"https:\/\/archiwumnauki.pan.pl\/wp-content\/uploads\/2024\/11\/20-300x200.jpg\" alt=\"\" width=\"300\" height=\"200\" srcset=\"https:\/\/archiwumnauki.pan.pl\/wp-content\/uploads\/2024\/11\/20-300x200.jpg 300w, https:\/\/archiwumnauki.pan.pl\/wp-content\/uploads\/2024\/11\/20-768x512.jpg 768w, https:\/\/archiwumnauki.pan.pl\/wp-content\/uploads\/2024\/11\/20-405x270.jpg 405w, https:\/\/archiwumnauki.pan.pl\/wp-content\/uploads\/2024\/11\/20.jpg 1024w\" sizes=\"auto, (max-width: 300px) 100vw, 300px\" \/><\/a><a href=\"https:\/\/archiwumnauki.pan.pl\/?p=6478\">Spotkanie z Prezydentem Miasta Krakowa<\/a><\/strong><\/td>\n<\/tr>\n<tr style=\"height: 216px;\">\n<td style=\"width: 100%; text-align: center; height: 216px;\"><a href=\"https:\/\/archiwumnauki.pan.pl\/?p=6473\"><img loading=\"lazy\" decoding=\"async\" class=\"alignleft wp-image-6471 size-medium\" src=\"https:\/\/archiwumnauki.pan.pl\/wp-content\/uploads\/2024\/11\/IMG_6190-300x200.jpg\" alt=\"\" width=\"300\" height=\"200\" srcset=\"https:\/\/archiwumnauki.pan.pl\/wp-content\/uploads\/2024\/11\/IMG_6190-300x200.jpg 300w, https:\/\/archiwumnauki.pan.pl\/wp-content\/uploads\/2024\/11\/IMG_6190-1024x683.jpg 1024w, https:\/\/archiwumnauki.pan.pl\/wp-content\/uploads\/2024\/11\/IMG_6190-768x512.jpg 768w, https:\/\/archiwumnauki.pan.pl\/wp-content\/uploads\/2024\/11\/IMG_6190-1536x1024.jpg 1536w, https:\/\/archiwumnauki.pan.pl\/wp-content\/uploads\/2024\/11\/IMG_6190-2048x1365.jpg 2048w, https:\/\/archiwumnauki.pan.pl\/wp-content\/uploads\/2024\/11\/IMG_6190-405x270.jpg 405w\" sizes=\"auto, (max-width: 300px) 100vw, 300px\" \/><\/a><a href=\"https:\/\/archiwumnauki.pan.pl\/?p=6473\"><strong>Pokaz archiwali\u00f3w Mohammeda Sadyk Beja\u00a0<\/strong><\/a><\/td>\n<\/tr>\n<tr style=\"height: 110px;\">\n<td style=\"width: 100%; text-align: center; height: 110px;\"><strong><a href=\"https:\/\/archiwumnauki.pan.pl\/?p=6451\"><img loading=\"lazy\" decoding=\"async\" class=\"alignleft wp-image-6453 size-medium\" src=\"https:\/\/archiwumnauki.pan.pl\/wp-content\/uploads\/2024\/10\/fontes-300x94.png\" alt=\"\" width=\"300\" height=\"94\" srcset=\"https:\/\/archiwumnauki.pan.pl\/wp-content\/uploads\/2024\/10\/fontes-300x94.png 300w, https:\/\/archiwumnauki.pan.pl\/wp-content\/uploads\/2024\/10\/fontes-1024x321.png 1024w, https:\/\/archiwumnauki.pan.pl\/wp-content\/uploads\/2024\/10\/fontes-768x240.png 768w, https:\/\/archiwumnauki.pan.pl\/wp-content\/uploads\/2024\/10\/fontes-604x189.png 604w, https:\/\/archiwumnauki.pan.pl\/wp-content\/uploads\/2024\/10\/fontes.png 1361w\" sizes=\"auto, (max-width: 300px) 100vw, 300px\" \/><\/a><a href=\"https:\/\/archiwumnauki.pan.pl\/?p=6451\">Projekt FONTES<\/a><\/strong><\/td>\n<\/tr>\n<tr style=\"height: 216px;\">\n<td style=\"width: 100%; text-align: center; height: 216px;\"><a href=\"https:\/\/archiwumnauki.pan.pl\/?p=6428\"><img loading=\"lazy\" decoding=\"async\" class=\"alignleft wp-image-6443 size-medium\" src=\"https:\/\/archiwumnauki.pan.pl\/wp-content\/uploads\/2024\/10\/013-300x200.jpg\" alt=\"\" width=\"300\" height=\"200\" srcset=\"https:\/\/archiwumnauki.pan.pl\/wp-content\/uploads\/2024\/10\/013-300x200.jpg 300w, https:\/\/archiwumnauki.pan.pl\/wp-content\/uploads\/2024\/10\/013-1024x683.jpg 1024w, https:\/\/archiwumnauki.pan.pl\/wp-content\/uploads\/2024\/10\/013-768x512.jpg 768w, https:\/\/archiwumnauki.pan.pl\/wp-content\/uploads\/2024\/10\/013-1536x1024.jpg 1536w, https:\/\/archiwumnauki.pan.pl\/wp-content\/uploads\/2024\/10\/013-2048x1365.jpg 2048w, https:\/\/archiwumnauki.pan.pl\/wp-content\/uploads\/2024\/10\/013-405x270.jpg 405w\" sizes=\"auto, (max-width: 300px) 100vw, 300px\" \/><\/a><strong><a href=\"https:\/\/archiwumnauki.pan.pl\/?p=6428\">Wernisa\u017c wystawy \u201ePiwnica pod Baranami \u2013 archiwalia\u201d\u00a0<\/a><br \/>\n<\/strong><\/td>\n<\/tr>\n<tr style=\"height: 216px;\">\n<td style=\"width: 100%; text-align: center; height: 216px;\"><a href=\"https:\/\/archiwumnauki.pan.pl\/?p=6374\"><img loading=\"lazy\" decoding=\"async\" class=\"alignleft wp-image-6368 size-medium\" src=\"https:\/\/archiwumnauki.pan.pl\/wp-content\/uploads\/2024\/09\/000-300x200.jpg\" alt=\"\" width=\"300\" height=\"200\" srcset=\"https:\/\/archiwumnauki.pan.pl\/wp-content\/uploads\/2024\/09\/000-300x200.jpg 300w, https:\/\/archiwumnauki.pan.pl\/wp-content\/uploads\/2024\/09\/000-1024x683.jpg 1024w, https:\/\/archiwumnauki.pan.pl\/wp-content\/uploads\/2024\/09\/000-768x512.jpg 768w, https:\/\/archiwumnauki.pan.pl\/wp-content\/uploads\/2024\/09\/000-1536x1024.jpg 1536w, https:\/\/archiwumnauki.pan.pl\/wp-content\/uploads\/2024\/09\/000-2048x1365.jpg 2048w, https:\/\/archiwumnauki.pan.pl\/wp-content\/uploads\/2024\/09\/000-405x270.jpg 405w\" sizes=\"auto, (max-width: 300px) 100vw, 300px\" \/><\/a><a href=\"https:\/\/archiwumnauki.pan.pl\/?p=6374\"><strong>Pokaz archiwalny 20 wrze\u015bnia 2024 r.<\/strong><\/a><\/td>\n<\/tr>\n<tr style=\"height: 185px;\">\n<td style=\"width: 100%; text-align: center; height: 185px;\"><strong><a href=\"https:\/\/archiwumnauki.pan.pl\/?page_id=6297\"><img loading=\"lazy\" decoding=\"async\" class=\"alignleft wp-image-6327 size-medium\" src=\"https:\/\/archiwumnauki.pan.pl\/wp-content\/uploads\/2024\/09\/2-2-300x169.jpg\" alt=\"\" width=\"300\" height=\"169\" srcset=\"https:\/\/archiwumnauki.pan.pl\/wp-content\/uploads\/2024\/09\/2-2-300x169.jpg 300w, https:\/\/archiwumnauki.pan.pl\/wp-content\/uploads\/2024\/09\/2-2-1024x576.jpg 1024w, https:\/\/archiwumnauki.pan.pl\/wp-content\/uploads\/2024\/09\/2-2-768x432.jpg 768w, https:\/\/archiwumnauki.pan.pl\/wp-content\/uploads\/2024\/09\/2-2-1536x864.jpg 1536w, https:\/\/archiwumnauki.pan.pl\/wp-content\/uploads\/2024\/09\/2-2-480x270.jpg 480w, https:\/\/archiwumnauki.pan.pl\/wp-content\/uploads\/2024\/09\/2-2.jpg 1920w\" sizes=\"auto, (max-width: 300px) 100vw, 300px\" \/><\/a><a href=\"https:\/\/archiwumnauki.pan.pl\/?page_id=6297\">Wystawa cyfrowa <em>Wojciech<\/em><em> Nar\u0119bski na dalekiej p\u00f3\u0142nocy&#8230; <\/em><\/a><br \/>\n<\/strong><\/td>\n<\/tr>\n<tr style=\"height: 273px;\">\n<td style=\"width: 100%; text-align: center; height: 273px;\"><strong><a href=\"https:\/\/archiwumnauki.pan.pl\/?p=6257\"><img loading=\"lazy\" decoding=\"async\" class=\"alignleft wp-image-6258\" src=\"https:\/\/archiwumnauki.pan.pl\/wp-content\/uploads\/2024\/08\/zaproszenie-2-212x300.jpg\" alt=\"\" width=\"182\" height=\"237\" \/><\/a><a href=\"https:\/\/archiwumnauki.pan.pl\/?p=6257\">Zaproszenie na wernisa\u017c wystawy prac Romana Burdy\u0142\u0142y oraz Pauliny D\u0105browskiej-Doro\u017cy\u0144skiej<\/a><\/strong><\/td>\n<\/tr>\n<tr style=\"height: 216px;\">\n<td style=\"width: 100%; text-align: center; height: 216px;\"><strong><a href=\"https:\/\/archiwumnauki.pan.pl\/?p=6220\"><img loading=\"lazy\" decoding=\"async\" class=\"alignleft wp-image-6232 size-medium\" src=\"https:\/\/archiwumnauki.pan.pl\/wp-content\/uploads\/2024\/07\/IMG_5303-300x200.jpg\" alt=\"\" width=\"300\" height=\"200\" srcset=\"https:\/\/archiwumnauki.pan.pl\/wp-content\/uploads\/2024\/07\/IMG_5303-300x200.jpg 300w, https:\/\/archiwumnauki.pan.pl\/wp-content\/uploads\/2024\/07\/IMG_5303-1024x683.jpg 1024w, https:\/\/archiwumnauki.pan.pl\/wp-content\/uploads\/2024\/07\/IMG_5303-768x512.jpg 768w, https:\/\/archiwumnauki.pan.pl\/wp-content\/uploads\/2024\/07\/IMG_5303-1536x1024.jpg 1536w, https:\/\/archiwumnauki.pan.pl\/wp-content\/uploads\/2024\/07\/IMG_5303-2048x1365.jpg 2048w, https:\/\/archiwumnauki.pan.pl\/wp-content\/uploads\/2024\/07\/IMG_5303-405x270.jpg 405w\" sizes=\"auto, (max-width: 300px) 100vw, 300px\" \/><\/a><a href=\"https:\/\/archiwumnauki.pan.pl\/?p=6220\">Wernisa\u017c wystawy <em>Z Fototeki Lanckoro\u0144skich\u2026 Josef Wlha, fotograf i dokumentalista Monarchii Austro-W\u0119gierskiej<\/em><\/a><\/strong><\/td>\n<\/tr>\n<tr style=\"height: 216px;\">\n<td style=\"width: 100%; text-align: center; height: 216px;\"><strong><a href=\"https:\/\/archiwumnauki.pan.pl\/?p=6191\"><img loading=\"lazy\" decoding=\"async\" class=\"alignleft wp-image-6195 size-medium\" src=\"https:\/\/archiwumnauki.pan.pl\/wp-content\/uploads\/2024\/06\/004-300x200.jpg\" alt=\"\" width=\"300\" height=\"200\" srcset=\"https:\/\/archiwumnauki.pan.pl\/wp-content\/uploads\/2024\/06\/004-300x200.jpg 300w, https:\/\/archiwumnauki.pan.pl\/wp-content\/uploads\/2024\/06\/004-1024x683.jpg 1024w, https:\/\/archiwumnauki.pan.pl\/wp-content\/uploads\/2024\/06\/004-768x512.jpg 768w, https:\/\/archiwumnauki.pan.pl\/wp-content\/uploads\/2024\/06\/004-1536x1024.jpg 1536w, https:\/\/archiwumnauki.pan.pl\/wp-content\/uploads\/2024\/06\/004-405x270.jpg 405w, https:\/\/archiwumnauki.pan.pl\/wp-content\/uploads\/2024\/06\/004.jpg 2048w\" sizes=\"auto, (max-width: 300px) 100vw, 300px\" \/><\/a><a href=\"https:\/\/archiwumnauki.pan.pl\/?p=6191\">Promocja ksi\u0105\u017cki &#8222;Per aspera ad astra. Listy Leona Cienkowskiego&#8221;<\/a><\/strong><\/td>\n<\/tr>\n<tr style=\"height: 216px;\">\n<td style=\"width: 100%; text-align: center; height: 216px;\"><strong style=\"font-family: inherit; font-size: inherit;\"><a href=\"https:\/\/archiwumnauki.pan.pl\/?p=6135\"><img loading=\"lazy\" decoding=\"async\" class=\"alignleft wp-image-6137 size-medium\" src=\"https:\/\/archiwumnauki.pan.pl\/wp-content\/uploads\/2024\/05\/1-300x200.jpg\" alt=\"\" width=\"300\" height=\"200\" srcset=\"https:\/\/archiwumnauki.pan.pl\/wp-content\/uploads\/2024\/05\/1-300x200.jpg 300w, https:\/\/archiwumnauki.pan.pl\/wp-content\/uploads\/2024\/05\/1-1024x681.jpg 1024w, https:\/\/archiwumnauki.pan.pl\/wp-content\/uploads\/2024\/05\/1-768x511.jpg 768w, https:\/\/archiwumnauki.pan.pl\/wp-content\/uploads\/2024\/05\/1-1536x1022.jpg 1536w, https:\/\/archiwumnauki.pan.pl\/wp-content\/uploads\/2024\/05\/1-2048x1363.jpg 2048w, https:\/\/archiwumnauki.pan.pl\/wp-content\/uploads\/2024\/05\/1-406x270.jpg 406w\" sizes=\"auto, (max-width: 300px) 100vw, 300px\" \/><\/a><a href=\"https:\/\/archiwumnauki.pan.pl\/?p=6135\">Wizyta Ambasador W\u0119gier w Archiwum Nauki<\/a><\/strong><\/td>\n<\/tr>\n<tr style=\"height: 281px;\">\n<td style=\"width: 100%; text-align: center; height: 281px;\"><strong style=\"font-family: inherit; font-size: inherit;\"><a href=\"https:\/\/archiwumnauki.pan.pl\/?p=6127\"><img loading=\"lazy\" decoding=\"async\" class=\"alignleft wp-image-6132 size-medium\" src=\"https:\/\/archiwumnauki.pan.pl\/wp-content\/uploads\/2024\/05\/konferencja-300x265.jpg\" alt=\"\" width=\"300\" height=\"265\" srcset=\"https:\/\/archiwumnauki.pan.pl\/wp-content\/uploads\/2024\/05\/konferencja-300x265.jpg 300w, https:\/\/archiwumnauki.pan.pl\/wp-content\/uploads\/2024\/05\/konferencja-1024x903.jpg 1024w, https:\/\/archiwumnauki.pan.pl\/wp-content\/uploads\/2024\/05\/konferencja-768x677.jpg 768w, https:\/\/archiwumnauki.pan.pl\/wp-content\/uploads\/2024\/05\/konferencja-1536x1355.jpg 1536w, https:\/\/archiwumnauki.pan.pl\/wp-content\/uploads\/2024\/05\/konferencja-2048x1806.jpg 2048w, https:\/\/archiwumnauki.pan.pl\/wp-content\/uploads\/2024\/05\/konferencja-306x270.jpg 306w\" sizes=\"auto, (max-width: 300px) 100vw, 300px\" \/><\/a><a href=\"https:\/\/archiwumnauki.pan.pl\/?p=6127\">Zaproszenie do zg\u0142aszania referat\u00f3w na konferencj\u0119 &#8222;Mi\u0119dzy ide\u0105 wolno\u015bci uniwersytetu a nowymi realiami&#8221;<\/a><\/strong><\/td>\n<\/tr>\n<tr style=\"height: 216px;\">\n<td style=\"width: 100%; text-align: center; height: 216px;\"><a href=\"https:\/\/archiwumnauki.pan.pl\/?p=6091\"><strong>Zmar\u0142 prof. Jerzy Michalewicz<\/strong><\/a><a href=\"https:\/\/archiwumnauki.pan.pl\/?p=6091\"><img loading=\"lazy\" decoding=\"async\" class=\"alignleft wp-image-4123 size-medium\" src=\"https:\/\/archiwumnauki.pan.pl\/wp-content\/uploads\/2022\/10\/Do-kondolencji-300x200.jpg\" alt=\"\" width=\"300\" height=\"200\" srcset=\"https:\/\/archiwumnauki.pan.pl\/wp-content\/uploads\/2022\/10\/Do-kondolencji-300x200.jpg 300w, https:\/\/archiwumnauki.pan.pl\/wp-content\/uploads\/2022\/10\/Do-kondolencji-405x270.jpg 405w, https:\/\/archiwumnauki.pan.pl\/wp-content\/uploads\/2022\/10\/Do-kondolencji.jpg 600w\" sizes=\"auto, (max-width: 300px) 100vw, 300px\" \/><\/a><\/td>\n<\/tr>\n<tr style=\"height: 406px;\">\n<td style=\"width: 100%; text-align: center; height: 406px;\"><a href=\"https:\/\/archiwumnauki.pan.pl\/wp-content\/uploads\/2024\/03\/Kartka-Wielkanocna-AN-PAN-i-PAU-2024.jpg\"><img loading=\"lazy\" decoding=\"async\" class=\"alignnone wp-image-6080\" src=\"https:\/\/archiwumnauki.pan.pl\/wp-content\/uploads\/2024\/03\/Kartka-Wielkanocna-AN-PAN-i-PAU-2024.jpg\" alt=\"\" width=\"500\" height=\"375\" srcset=\"https:\/\/archiwumnauki.pan.pl\/wp-content\/uploads\/2024\/03\/Kartka-Wielkanocna-AN-PAN-i-PAU-2024.jpg 960w, https:\/\/archiwumnauki.pan.pl\/wp-content\/uploads\/2024\/03\/Kartka-Wielkanocna-AN-PAN-i-PAU-2024-300x225.jpg 300w, https:\/\/archiwumnauki.pan.pl\/wp-content\/uploads\/2024\/03\/Kartka-Wielkanocna-AN-PAN-i-PAU-2024-768x576.jpg 768w, https:\/\/archiwumnauki.pan.pl\/wp-content\/uploads\/2024\/03\/Kartka-Wielkanocna-AN-PAN-i-PAU-2024-360x270.jpg 360w\" sizes=\"auto, (max-width: 500px) 100vw, 500px\" \/><br \/>\n<\/a><strong><br \/>\n<\/strong><\/td>\n<\/tr>\n<tr style=\"height: 222px;\">\n<td style=\"width: 100%; text-align: center; height: 222px;\"><b><a href=\"https:\/\/archiwumnauki.pan.pl\/?p=5956\"><img loading=\"lazy\" decoding=\"async\" class=\"alignleft wp-image-5789\" src=\"https:\/\/archiwumnauki.pan.pl\/wp-content\/uploads\/2024\/01\/Arch_Nauki-logo-2021-1-261x300.jpg\" alt=\"\" width=\"180\" height=\"207\" srcset=\"https:\/\/archiwumnauki.pan.pl\/wp-content\/uploads\/2024\/01\/Arch_Nauki-logo-2021-1-261x300.jpg 261w, https:\/\/archiwumnauki.pan.pl\/wp-content\/uploads\/2024\/01\/Arch_Nauki-logo-2021-1-892x1024.jpg 892w, https:\/\/archiwumnauki.pan.pl\/wp-content\/uploads\/2024\/01\/Arch_Nauki-logo-2021-1-768x881.jpg 768w, https:\/\/archiwumnauki.pan.pl\/wp-content\/uploads\/2024\/01\/Arch_Nauki-logo-2021-1-1338x1536.jpg 1338w, https:\/\/archiwumnauki.pan.pl\/wp-content\/uploads\/2024\/01\/Arch_Nauki-logo-2021-1-1784x2048.jpg 1784w, https:\/\/archiwumnauki.pan.pl\/wp-content\/uploads\/2024\/01\/Arch_Nauki-logo-2021-1-235x270.jpg 235w\" sizes=\"auto, (max-width: 180px) 100vw, 180px\" \/><\/a><\/b><strong><a href=\"https:\/\/archiwumnauki.pan.pl\/?p=5956\">Og\u0142oszenie o wyniku konkursu na stanowisko Dyrektora Archiwum Nauki PAN i PAU<\/a><\/strong><br \/>\n<strong><br \/>\n<\/strong><\/td>\n<\/tr>\n<tr style=\"height: 216px;\">\n<td style=\"width: 100%; text-align: center; height: 216px;\"><strong><a href=\"https:\/\/archiwumnauki.pan.pl\/?p=5939\"><img loading=\"lazy\" decoding=\"async\" class=\"size-medium wp-image-5946 alignleft\" src=\"https:\/\/archiwumnauki.pan.pl\/wp-content\/uploads\/2024\/03\/IMG_007-300x200.jpg\" alt=\"\" width=\"300\" height=\"200\" srcset=\"https:\/\/archiwumnauki.pan.pl\/wp-content\/uploads\/2024\/03\/IMG_007-300x200.jpg 300w, https:\/\/archiwumnauki.pan.pl\/wp-content\/uploads\/2024\/03\/IMG_007-1024x683.jpg 1024w, https:\/\/archiwumnauki.pan.pl\/wp-content\/uploads\/2024\/03\/IMG_007-768x512.jpg 768w, https:\/\/archiwumnauki.pan.pl\/wp-content\/uploads\/2024\/03\/IMG_007-1536x1024.jpg 1536w, https:\/\/archiwumnauki.pan.pl\/wp-content\/uploads\/2024\/03\/IMG_007-2048x1365.jpg 2048w, https:\/\/archiwumnauki.pan.pl\/wp-content\/uploads\/2024\/03\/IMG_007-405x270.jpg 405w\" sizes=\"auto, (max-width: 300px) 100vw, 300px\" \/><\/a><a href=\"https:\/\/archiwumnauki.pan.pl\/?p=5939\">Dzie\u0144 Kobiet w Archiwum Narodowym &#8211; wyk\u0142ad Pauliny Krzywdy<\/a><\/strong><\/td>\n<\/tr>\n<tr style=\"height: 216px;\">\n<td style=\"width: 100%; text-align: center; height: 216px;\"><strong><a href=\"https:\/\/archiwumnauki.pan.pl\/?p=5935\"><img loading=\"lazy\" decoding=\"async\" class=\"alignleft wp-image-5921 size-medium\" src=\"https:\/\/archiwumnauki.pan.pl\/wp-content\/uploads\/2024\/03\/IMG_3115-300x200.jpg\" alt=\"\" width=\"300\" height=\"200\" srcset=\"https:\/\/archiwumnauki.pan.pl\/wp-content\/uploads\/2024\/03\/IMG_3115-300x200.jpg 300w, https:\/\/archiwumnauki.pan.pl\/wp-content\/uploads\/2024\/03\/IMG_3115-1024x683.jpg 1024w, https:\/\/archiwumnauki.pan.pl\/wp-content\/uploads\/2024\/03\/IMG_3115-768x512.jpg 768w, https:\/\/archiwumnauki.pan.pl\/wp-content\/uploads\/2024\/03\/IMG_3115-1536x1024.jpg 1536w, https:\/\/archiwumnauki.pan.pl\/wp-content\/uploads\/2024\/03\/IMG_3115-2048x1365.jpg 2048w, https:\/\/archiwumnauki.pan.pl\/wp-content\/uploads\/2024\/03\/IMG_3115-405x270.jpg 405w\" sizes=\"auto, (max-width: 300px) 100vw, 300px\" \/><\/a><a href=\"https:\/\/archiwumnauki.pan.pl\/?p=5935\">Wizyta Ambasadora Mongolii w Archiwum<\/a><\/strong><\/td>\n<\/tr>\n<tr style=\"height: 23px;\">\n<td style=\"width: 100%; text-align: center; height: 23px;\"><strong><a href=\"https:\/\/archiwumnauki.pan.pl\/?p=5805\"><img loading=\"lazy\" decoding=\"async\" class=\"alignleft wp-image-5806 size-medium\" src=\"https:\/\/archiwumnauki.pan.pl\/wp-content\/uploads\/2024\/01\/IMG_2932-300x200.jpg\" alt=\"\" width=\"300\" height=\"200\" srcset=\"https:\/\/archiwumnauki.pan.pl\/wp-content\/uploads\/2024\/01\/IMG_2932-300x200.jpg 300w, https:\/\/archiwumnauki.pan.pl\/wp-content\/uploads\/2024\/01\/IMG_2932-1024x683.jpg 1024w, https:\/\/archiwumnauki.pan.pl\/wp-content\/uploads\/2024\/01\/IMG_2932-768x512.jpg 768w, https:\/\/archiwumnauki.pan.pl\/wp-content\/uploads\/2024\/01\/IMG_2932-1536x1024.jpg 1536w, https:\/\/archiwumnauki.pan.pl\/wp-content\/uploads\/2024\/01\/IMG_2932-2048x1365.jpg 2048w, https:\/\/archiwumnauki.pan.pl\/wp-content\/uploads\/2024\/01\/IMG_2932-405x270.jpg 405w\" sizes=\"auto, (max-width: 300px) 100vw, 300px\" \/><\/a><a href=\"https:\/\/archiwumnauki.pan.pl\/?p=5805\">Pokaz dla student\u00f3w Uniwersytetu Komisji Edukacji Narodowej<\/a><\/strong><\/td>\n<\/tr>\n<tr style=\"height: 222px;\">\n<td style=\"width: 100%; text-align: center; height: 222px;\"><b><a href=\"https:\/\/archiwumnauki.pan.pl\/?p=5790\"><img loading=\"lazy\" decoding=\"async\" class=\"alignleft wp-image-5789\" src=\"https:\/\/archiwumnauki.pan.pl\/wp-content\/uploads\/2024\/01\/Arch_Nauki-logo-2021-1-261x300.jpg\" alt=\"\" width=\"180\" height=\"207\" srcset=\"https:\/\/archiwumnauki.pan.pl\/wp-content\/uploads\/2024\/01\/Arch_Nauki-logo-2021-1-261x300.jpg 261w, https:\/\/archiwumnauki.pan.pl\/wp-content\/uploads\/2024\/01\/Arch_Nauki-logo-2021-1-892x1024.jpg 892w, https:\/\/archiwumnauki.pan.pl\/wp-content\/uploads\/2024\/01\/Arch_Nauki-logo-2021-1-768x881.jpg 768w, https:\/\/archiwumnauki.pan.pl\/wp-content\/uploads\/2024\/01\/Arch_Nauki-logo-2021-1-1338x1536.jpg 1338w, https:\/\/archiwumnauki.pan.pl\/wp-content\/uploads\/2024\/01\/Arch_Nauki-logo-2021-1-1784x2048.jpg 1784w, https:\/\/archiwumnauki.pan.pl\/wp-content\/uploads\/2024\/01\/Arch_Nauki-logo-2021-1-235x270.jpg 235w\" sizes=\"auto, (max-width: 180px) 100vw, 180px\" \/><\/a><a href=\"https:\/\/archiwumnauki.pan.pl\/?p=5790\">Og\u0142oszenie o konkursie na stanowisko<\/a><br \/>\n<a href=\"https:\/\/archiwumnauki.pan.pl\/?p=5790\">Dyrektora Archiwum Nauki PAN i PAU<\/a><\/b><\/td>\n<\/tr>\n<tr style=\"height: 215px;\">\n<td style=\"width: 100%; text-align: center; height: 215px;\"><strong><a href=\"https:\/\/archiwumnauki.pan.pl\/?p=5777\"><img loading=\"lazy\" decoding=\"async\" class=\"alignleft wp-image-5779 size-medium\" src=\"https:\/\/archiwumnauki.pan.pl\/wp-content\/uploads\/2024\/01\/IMG_2844-300x200.jpg\" alt=\"\" width=\"300\" height=\"200\" srcset=\"https:\/\/archiwumnauki.pan.pl\/wp-content\/uploads\/2024\/01\/IMG_2844-300x200.jpg 300w, https:\/\/archiwumnauki.pan.pl\/wp-content\/uploads\/2024\/01\/IMG_2844-1024x683.jpg 1024w, https:\/\/archiwumnauki.pan.pl\/wp-content\/uploads\/2024\/01\/IMG_2844-768x512.jpg 768w, https:\/\/archiwumnauki.pan.pl\/wp-content\/uploads\/2024\/01\/IMG_2844-1536x1024.jpg 1536w, https:\/\/archiwumnauki.pan.pl\/wp-content\/uploads\/2024\/01\/IMG_2844-2048x1365.jpg 2048w, https:\/\/archiwumnauki.pan.pl\/wp-content\/uploads\/2024\/01\/IMG_2844-405x270.jpg 405w\" sizes=\"auto, (max-width: 300px) 100vw, 300px\" \/><\/a><a href=\"https:\/\/archiwumnauki.pan.pl\/?p=5777\">Studenci archiwistyki z wizyt\u0105 w Archiwum Nauki<\/a><\/strong><\/td>\n<\/tr>\n<tr style=\"height: 234px;\">\n<td style=\"width: 100%; text-align: center; height: 234px;\"><a href=\"https:\/\/archiwumnauki.pan.pl\/?p=5766\"><img loading=\"lazy\" decoding=\"async\" class=\"alignleft wp-image-5767\" src=\"https:\/\/archiwumnauki.pan.pl\/wp-content\/uploads\/2023\/12\/DSCF3576-199x300.jpg\" alt=\"\" width=\"145\" height=\"218\" srcset=\"https:\/\/archiwumnauki.pan.pl\/wp-content\/uploads\/2023\/12\/DSCF3576-199x300.jpg 199w, https:\/\/archiwumnauki.pan.pl\/wp-content\/uploads\/2023\/12\/DSCF3576-678x1024.jpg 678w, https:\/\/archiwumnauki.pan.pl\/wp-content\/uploads\/2023\/12\/DSCF3576-768x1160.jpg 768w, https:\/\/archiwumnauki.pan.pl\/wp-content\/uploads\/2023\/12\/DSCF3576-1017x1536.jpg 1017w, https:\/\/archiwumnauki.pan.pl\/wp-content\/uploads\/2023\/12\/DSCF3576-1356x2048.jpg 1356w, https:\/\/archiwumnauki.pan.pl\/wp-content\/uploads\/2023\/12\/DSCF3576-179x270.jpg 179w, https:\/\/archiwumnauki.pan.pl\/wp-content\/uploads\/2023\/12\/DSCF3576-scaled.jpg 1695w\" sizes=\"auto, (max-width: 145px) 100vw, 145px\" \/><\/a><a href=\"https:\/\/archiwumnauki.pan.pl\/?p=5766\"><strong>Po\u017cegnanie<\/strong><\/a><\/td>\n<\/tr>\n<tr style=\"height: 186px;\">\n<td style=\"width: 100%; text-align: center; height: 186px;\"><strong><a href=\"https:\/\/archiwumnauki.pan.pl\/?p=5738\"><img loading=\"lazy\" decoding=\"async\" class=\"alignleft wp-image-5739 size-medium\" src=\"https:\/\/archiwumnauki.pan.pl\/wp-content\/uploads\/2023\/12\/img21-300x171.jpg\" alt=\"\" width=\"300\" height=\"171\" srcset=\"https:\/\/archiwumnauki.pan.pl\/wp-content\/uploads\/2023\/12\/img21-300x171.jpg 300w, https:\/\/archiwumnauki.pan.pl\/wp-content\/uploads\/2023\/12\/img21-768x438.jpg 768w, https:\/\/archiwumnauki.pan.pl\/wp-content\/uploads\/2023\/12\/img21-473x270.jpg 473w, https:\/\/archiwumnauki.pan.pl\/wp-content\/uploads\/2023\/12\/img21.jpg 960w\" sizes=\"auto, (max-width: 300px) 100vw, 300px\" \/><\/a><a href=\"https:\/\/archiwumnauki.pan.pl\/?p=5738\">Wsp\u00f3\u0142praca z Fundacj\u0105 im. W. Felczaka &#8211; dofinansowanie projektu<\/a><\/strong><\/td>\n<\/tr>\n<tr style=\"height: 215px;\">\n<td style=\"width: 100%; text-align: center; height: 215px;\"><strong><a href=\"https:\/\/archiwumnauki.pan.pl\/?p=5763\"><img loading=\"lazy\" decoding=\"async\" class=\"alignleft wp-image-4123 size-medium\" src=\"https:\/\/archiwumnauki.pan.pl\/wp-content\/uploads\/2022\/10\/Do-kondolencji-300x200.jpg\" alt=\"\" width=\"300\" height=\"200\" srcset=\"https:\/\/archiwumnauki.pan.pl\/wp-content\/uploads\/2022\/10\/Do-kondolencji-300x200.jpg 300w, https:\/\/archiwumnauki.pan.pl\/wp-content\/uploads\/2022\/10\/Do-kondolencji-405x270.jpg 405w, https:\/\/archiwumnauki.pan.pl\/wp-content\/uploads\/2022\/10\/Do-kondolencji.jpg 600w\" sizes=\"auto, (max-width: 300px) 100vw, 300px\" \/><\/a><a href=\"https:\/\/archiwumnauki.pan.pl\/?p=5763\">Wyraz wsp\u00f3\u0142czucia w zwi\u0105zku ze strzelanin\u0105 w Pradze<\/a><br \/>\n<\/strong><\/td>\n<\/tr>\n<tr style=\"height: 215px;\">\n<td style=\"width: 100%; text-align: center; height: 215px;\"><strong><a href=\"https:\/\/archiwumnauki.pan.pl\/?p=5743\"><img loading=\"lazy\" decoding=\"async\" class=\"size-medium wp-image-5747 alignleft\" src=\"https:\/\/archiwumnauki.pan.pl\/wp-content\/uploads\/2023\/12\/IMG_2610-300x200.jpg\" alt=\"\" width=\"300\" height=\"200\" srcset=\"https:\/\/archiwumnauki.pan.pl\/wp-content\/uploads\/2023\/12\/IMG_2610-300x200.jpg 300w, https:\/\/archiwumnauki.pan.pl\/wp-content\/uploads\/2023\/12\/IMG_2610-1024x683.jpg 1024w, https:\/\/archiwumnauki.pan.pl\/wp-content\/uploads\/2023\/12\/IMG_2610-768x512.jpg 768w, https:\/\/archiwumnauki.pan.pl\/wp-content\/uploads\/2023\/12\/IMG_2610-1536x1024.jpg 1536w, https:\/\/archiwumnauki.pan.pl\/wp-content\/uploads\/2023\/12\/IMG_2610-2048x1365.jpg 2048w, https:\/\/archiwumnauki.pan.pl\/wp-content\/uploads\/2023\/12\/IMG_2610-405x270.jpg 405w\" sizes=\"auto, (max-width: 300px) 100vw, 300px\" \/><\/a><a href=\"https:\/\/archiwumnauki.pan.pl\/?p=5743\">Spu\u015bcizny prof. K. Grzybowskiego i S. Grzybowskiego przekazane do Archiwum<\/a><\/strong><\/td>\n<\/tr>\n<tr style=\"height: 215px;\">\n<td style=\"width: 100%; text-align: center; height: 215px;\"><strong><a href=\"https:\/\/archiwumnauki.pan.pl\/?p=5733\"><img loading=\"lazy\" decoding=\"async\" class=\"size-medium wp-image-5732 alignleft\" src=\"https:\/\/archiwumnauki.pan.pl\/wp-content\/uploads\/2023\/12\/DSCF3588-300x199.jpg\" alt=\"\" width=\"300\" height=\"199\" srcset=\"https:\/\/archiwumnauki.pan.pl\/wp-content\/uploads\/2023\/12\/DSCF3588-300x199.jpg 300w, https:\/\/archiwumnauki.pan.pl\/wp-content\/uploads\/2023\/12\/DSCF3588-1024x678.jpg 1024w, https:\/\/archiwumnauki.pan.pl\/wp-content\/uploads\/2023\/12\/DSCF3588-768x508.jpg 768w, https:\/\/archiwumnauki.pan.pl\/wp-content\/uploads\/2023\/12\/DSCF3588-1536x1017.jpg 1536w, https:\/\/archiwumnauki.pan.pl\/wp-content\/uploads\/2023\/12\/DSCF3588-2048x1356.jpg 2048w, https:\/\/archiwumnauki.pan.pl\/wp-content\/uploads\/2023\/12\/DSCF3588-408x270.jpg 408w\" sizes=\"auto, (max-width: 300px) 100vw, 300px\" \/><\/a><a href=\"https:\/\/archiwumnauki.pan.pl\/?p=5733\">Dar Towarzystwa Mi\u0142o\u015bnik\u00f3w Historii Medycyny <\/a><br \/>\n<a href=\"https:\/\/archiwumnauki.pan.pl\/?p=5733\">dla Archiwum Nauki\u00a0\u00a0<\/a><\/strong><\/td>\n<\/tr>\n<tr style=\"height: 215px;\">\n<td style=\"width: 100%; text-align: center; height: 215px;\"><strong><b><a href=\"https:\/\/archiwumnauki.pan.pl\/?p=5712\">Studenci historii na warsztatach archiwalnych<\/a><a href=\"https:\/\/archiwumnauki.pan.pl\/?p=5712\"><img loading=\"lazy\" decoding=\"async\" class=\"alignleft wp-image-5714 size-medium\" src=\"https:\/\/archiwumnauki.pan.pl\/wp-content\/uploads\/2023\/12\/IMG_2429-300x200.jpg\" alt=\"\" width=\"300\" height=\"200\" srcset=\"https:\/\/archiwumnauki.pan.pl\/wp-content\/uploads\/2023\/12\/IMG_2429-300x200.jpg 300w, https:\/\/archiwumnauki.pan.pl\/wp-content\/uploads\/2023\/12\/IMG_2429-1024x683.jpg 1024w, https:\/\/archiwumnauki.pan.pl\/wp-content\/uploads\/2023\/12\/IMG_2429-768x512.jpg 768w, https:\/\/archiwumnauki.pan.pl\/wp-content\/uploads\/2023\/12\/IMG_2429-1536x1024.jpg 1536w, https:\/\/archiwumnauki.pan.pl\/wp-content\/uploads\/2023\/12\/IMG_2429-2048x1365.jpg 2048w, https:\/\/archiwumnauki.pan.pl\/wp-content\/uploads\/2023\/12\/IMG_2429-405x270.jpg 405w\" sizes=\"auto, (max-width: 300px) 100vw, 300px\" \/><\/a><\/b><\/strong><\/td>\n<\/tr>\n<tr style=\"height: 23px;\">\n<td style=\"width: 100%; text-align: center; height: 23px;\"><strong><a href=\"https:\/\/archiwumnauki.pan.pl\/?p=5720\"><img loading=\"lazy\" decoding=\"async\" class=\"alignleft wp-image-5722 size-medium\" src=\"https:\/\/archiwumnauki.pan.pl\/wp-content\/uploads\/2023\/12\/02-300x223.jpg\" alt=\"\" width=\"300\" height=\"223\" srcset=\"https:\/\/archiwumnauki.pan.pl\/wp-content\/uploads\/2023\/12\/02-300x223.jpg 300w, https:\/\/archiwumnauki.pan.pl\/wp-content\/uploads\/2023\/12\/02-1024x761.jpg 1024w, https:\/\/archiwumnauki.pan.pl\/wp-content\/uploads\/2023\/12\/02-768x570.jpg 768w, https:\/\/archiwumnauki.pan.pl\/wp-content\/uploads\/2023\/12\/02-1536x1141.jpg 1536w, https:\/\/archiwumnauki.pan.pl\/wp-content\/uploads\/2023\/12\/02-364x270.jpg 364w, https:\/\/archiwumnauki.pan.pl\/wp-content\/uploads\/2023\/12\/02.jpg 2048w\" sizes=\"auto, (max-width: 300px) 100vw, 300px\" \/><\/a><a href=\"https:\/\/archiwumnauki.pan.pl\/?p=5720\">Jubileusz 70-lecia Archiwum PAN<\/a><\/strong><\/td>\n<\/tr>\n<tr style=\"height: 23px;\">\n<td style=\"width: 100%; text-align: center; height: 23px;\"><strong><a href=\"https:\/\/archiwumnauki.pan.pl\/?p=5696\"><img loading=\"lazy\" decoding=\"async\" class=\"alignleft wp-image-5700\" src=\"https:\/\/archiwumnauki.pan.pl\/wp-content\/uploads\/2023\/11\/poznan-2023-3-225x300.jpg\" alt=\"\" width=\"180\" height=\"240\" srcset=\"https:\/\/archiwumnauki.pan.pl\/wp-content\/uploads\/2023\/11\/poznan-2023-3-225x300.jpg 225w, https:\/\/archiwumnauki.pan.pl\/wp-content\/uploads\/2023\/11\/poznan-2023-3-768x1024.jpg 768w, https:\/\/archiwumnauki.pan.pl\/wp-content\/uploads\/2023\/11\/poznan-2023-3-1152x1536.jpg 1152w, https:\/\/archiwumnauki.pan.pl\/wp-content\/uploads\/2023\/11\/poznan-2023-3-203x270.jpg 203w, https:\/\/archiwumnauki.pan.pl\/wp-content\/uploads\/2023\/11\/poznan-2023-3.jpg 1536w\" sizes=\"auto, (max-width: 180px) 100vw, 180px\" \/><\/a><a href=\"https:\/\/archiwumnauki.pan.pl\/?p=5696\">Dyrektor Archiwum Nauki w Poznaniu<\/a><\/strong><\/td>\n<\/tr>\n<tr style=\"height: 215px;\">\n<td style=\"width: 100%; text-align: center; height: 215px;\"><strong><a href=\"https:\/\/archiwumnauki.pan.pl\/?p=5688\"><img loading=\"lazy\" decoding=\"async\" class=\"alignleft wp-image-5690 size-medium\" src=\"https:\/\/archiwumnauki.pan.pl\/wp-content\/uploads\/2023\/11\/IMG_2233-300x200.jpg\" alt=\"\" width=\"300\" height=\"200\" srcset=\"https:\/\/archiwumnauki.pan.pl\/wp-content\/uploads\/2023\/11\/IMG_2233-300x200.jpg 300w, https:\/\/archiwumnauki.pan.pl\/wp-content\/uploads\/2023\/11\/IMG_2233-1024x683.jpg 1024w, https:\/\/archiwumnauki.pan.pl\/wp-content\/uploads\/2023\/11\/IMG_2233-768x512.jpg 768w, https:\/\/archiwumnauki.pan.pl\/wp-content\/uploads\/2023\/11\/IMG_2233-1536x1024.jpg 1536w, https:\/\/archiwumnauki.pan.pl\/wp-content\/uploads\/2023\/11\/IMG_2233-2048x1365.jpg 2048w, https:\/\/archiwumnauki.pan.pl\/wp-content\/uploads\/2023\/11\/IMG_2233-405x270.jpg 405w\" sizes=\"auto, (max-width: 300px) 100vw, 300px\" \/><\/a><a href=\"https:\/\/archiwumnauki.pan.pl\/?p=5688\">Pokaz i zwiedzanie dla student\u00f3w UJ<\/a><\/strong><\/td>\n<\/tr>\n<tr style=\"height: 215px;\">\n<td style=\"width: 100%; text-align: center; height: 215px;\"><a href=\"https:\/\/archiwumnauki.pan.pl\/?p=5680\"><img loading=\"lazy\" decoding=\"async\" class=\"size-medium wp-image-5683 alignleft\" src=\"https:\/\/archiwumnauki.pan.pl\/wp-content\/uploads\/2023\/11\/IMG_2064-300x200.jpg\" alt=\"\" width=\"300\" height=\"200\" srcset=\"https:\/\/archiwumnauki.pan.pl\/wp-content\/uploads\/2023\/11\/IMG_2064-300x200.jpg 300w, https:\/\/archiwumnauki.pan.pl\/wp-content\/uploads\/2023\/11\/IMG_2064-1024x683.jpg 1024w, https:\/\/archiwumnauki.pan.pl\/wp-content\/uploads\/2023\/11\/IMG_2064-768x512.jpg 768w, https:\/\/archiwumnauki.pan.pl\/wp-content\/uploads\/2023\/11\/IMG_2064-1536x1024.jpg 1536w, https:\/\/archiwumnauki.pan.pl\/wp-content\/uploads\/2023\/11\/IMG_2064-2048x1365.jpg 2048w, https:\/\/archiwumnauki.pan.pl\/wp-content\/uploads\/2023\/11\/IMG_2064-405x270.jpg 405w\" sizes=\"auto, (max-width: 300px) 100vw, 300px\" \/><\/a><a href=\"https:\/\/archiwumnauki.pan.pl\/?p=5680\"><strong>Wizyta uczni\u00f3w z I LO w D\u0119bicy<\/strong><\/a><\/td>\n<\/tr>\n<tr style=\"height: 222px;\">\n<td style=\"width: 100%; text-align: center; height: 222px;\"><a href=\"https:\/\/archiwumnauki.pan.pl\/?p=5674\"><img loading=\"lazy\" decoding=\"async\" class=\"alignleft wp-image-5675\" src=\"https:\/\/archiwumnauki.pan.pl\/wp-content\/uploads\/2023\/11\/Wyklad-Prof-Pudlocki-A3-Plakat-212x300.png\" alt=\"\" width=\"146\" height=\"207\" srcset=\"https:\/\/archiwumnauki.pan.pl\/wp-content\/uploads\/2023\/11\/Wyklad-Prof-Pudlocki-A3-Plakat-212x300.png 212w, https:\/\/archiwumnauki.pan.pl\/wp-content\/uploads\/2023\/11\/Wyklad-Prof-Pudlocki-A3-Plakat-724x1024.png 724w, https:\/\/archiwumnauki.pan.pl\/wp-content\/uploads\/2023\/11\/Wyklad-Prof-Pudlocki-A3-Plakat-768x1086.png 768w, https:\/\/archiwumnauki.pan.pl\/wp-content\/uploads\/2023\/11\/Wyklad-Prof-Pudlocki-A3-Plakat-1086x1536.png 1086w, https:\/\/archiwumnauki.pan.pl\/wp-content\/uploads\/2023\/11\/Wyklad-Prof-Pudlocki-A3-Plakat-191x270.png 191w, https:\/\/archiwumnauki.pan.pl\/wp-content\/uploads\/2023\/11\/Wyklad-Prof-Pudlocki-A3-Plakat.png 1414w\" sizes=\"auto, (max-width: 146px) 100vw, 146px\" \/><\/a><strong><a href=\"https:\/\/archiwumnauki.pan.pl\/?p=5674\">Promocja ksi\u0105\u017cki &#8222;Szekspir i Polska&#8221; w Poznaniu &#8211; zaproszenie<\/a><br \/>\n<\/strong><\/td>\n<\/tr>\n<tr style=\"height: 215px;\">\n<td style=\"width: 100%; text-align: center; height: 215px;\"><a href=\"https:\/\/archiwumnauki.pan.pl\/?p=5669\"><img loading=\"lazy\" decoding=\"async\" class=\"alignleft wp-image-5667 size-medium\" src=\"https:\/\/archiwumnauki.pan.pl\/wp-content\/uploads\/2023\/11\/4-300x200.jpg\" alt=\"\" width=\"300\" height=\"200\" srcset=\"https:\/\/archiwumnauki.pan.pl\/wp-content\/uploads\/2023\/11\/4-300x200.jpg 300w, https:\/\/archiwumnauki.pan.pl\/wp-content\/uploads\/2023\/11\/4-1024x683.jpg 1024w, https:\/\/archiwumnauki.pan.pl\/wp-content\/uploads\/2023\/11\/4-768x512.jpg 768w, https:\/\/archiwumnauki.pan.pl\/wp-content\/uploads\/2023\/11\/4-1536x1024.jpg 1536w, https:\/\/archiwumnauki.pan.pl\/wp-content\/uploads\/2023\/11\/4-2048x1365.jpg 2048w, https:\/\/archiwumnauki.pan.pl\/wp-content\/uploads\/2023\/11\/4-405x270.jpg 405w\" sizes=\"auto, (max-width: 300px) 100vw, 300px\" \/><\/a><a href=\"https:\/\/archiwumnauki.pan.pl\/?p=5669\"><strong>Warsztaty dla student\u00f3w edytorstwa<\/strong><\/a><\/td>\n<\/tr>\n<tr style=\"height: 205px;\">\n<td style=\"width: 100%; text-align: center; height: 205px;\"><strong><a href=\"https:\/\/archiwumnauki.pan.pl\/?p=5658\"><img loading=\"lazy\" decoding=\"async\" class=\"alignleft wp-image-5659\" src=\"https:\/\/archiwumnauki.pan.pl\/wp-content\/uploads\/2023\/11\/image0000001-300x225.jpg\" alt=\"\" width=\"253\" height=\"187\" \/><\/a><a href=\"https:\/\/archiwumnauki.pan.pl\/?p=5658\">Spotkanie archiwist\u00f3w zak\u0142adowych PAN<\/a><\/strong><\/td>\n<\/tr>\n<tr style=\"height: 215px;\">\n<td style=\"width: 100%; text-align: center; height: 215px;\"><a href=\"https:\/\/archiwumnauki.pan.pl\/?p=5641\"><img loading=\"lazy\" decoding=\"async\" class=\"alignleft wp-image-5649 size-medium\" src=\"https:\/\/archiwumnauki.pan.pl\/wp-content\/uploads\/2023\/10\/IMG_1948-300x200.jpg\" alt=\"\" width=\"300\" height=\"200\" srcset=\"https:\/\/archiwumnauki.pan.pl\/wp-content\/uploads\/2023\/10\/IMG_1948-300x200.jpg 300w, https:\/\/archiwumnauki.pan.pl\/wp-content\/uploads\/2023\/10\/IMG_1948-1024x683.jpg 1024w, https:\/\/archiwumnauki.pan.pl\/wp-content\/uploads\/2023\/10\/IMG_1948-768x512.jpg 768w, https:\/\/archiwumnauki.pan.pl\/wp-content\/uploads\/2023\/10\/IMG_1948-1536x1024.jpg 1536w, https:\/\/archiwumnauki.pan.pl\/wp-content\/uploads\/2023\/10\/IMG_1948-2048x1365.jpg 2048w, https:\/\/archiwumnauki.pan.pl\/wp-content\/uploads\/2023\/10\/IMG_1948-405x270.jpg 405w\" sizes=\"auto, (max-width: 300px) 100vw, 300px\" \/><\/a><a href=\"https:\/\/archiwumnauki.pan.pl\/?p=5641\"><strong>Promocja ksi\u0105\u017cki Szekspir i Polska. \u017bycie W\u0142adys\u0142awa Tarnawskiego (1885-1951)\u201d<\/strong><\/a><\/td>\n<\/tr>\n<tr style=\"height: 231px;\">\n<td style=\"width: 100%; text-align: left; height: 231px;\"><a href=\"https:\/\/archiwumnauki.pan.pl\/?p=5621\"><img loading=\"lazy\" decoding=\"async\" class=\"alignleft wp-image-5622 size-medium\" src=\"https:\/\/archiwumnauki.pan.pl\/wp-content\/uploads\/2023\/10\/IMG_1506-300x200.jpg\" alt=\"\" width=\"300\" height=\"200\" srcset=\"https:\/\/archiwumnauki.pan.pl\/wp-content\/uploads\/2023\/10\/IMG_1506-300x200.jpg 300w, https:\/\/archiwumnauki.pan.pl\/wp-content\/uploads\/2023\/10\/IMG_1506-1024x683.jpg 1024w, https:\/\/archiwumnauki.pan.pl\/wp-content\/uploads\/2023\/10\/IMG_1506-768x512.jpg 768w, https:\/\/archiwumnauki.pan.pl\/wp-content\/uploads\/2023\/10\/IMG_1506-1536x1024.jpg 1536w, https:\/\/archiwumnauki.pan.pl\/wp-content\/uploads\/2023\/10\/IMG_1506-2048x1365.jpg 2048w, https:\/\/archiwumnauki.pan.pl\/wp-content\/uploads\/2023\/10\/IMG_1506-405x270.jpg 405w\" sizes=\"auto, (max-width: 300px) 100vw, 300px\" \/><\/a><\/p>\n<p style=\"text-align: center;\"><strong><a href=\"https:\/\/archiwumnauki.pan.pl\/?p=5621\">Konferencja \u201eWiedza, do\u015bwiadczenie, rozrywka. Edukacyjne i kulturowe aspekty podr\u00f3\u017cy z ziem polskich na zach\u00f3d Europy w dobie nowo\u017cytnej i nowoczesnej (do 1939 r.)\u201d<\/a><\/strong><\/p>\n<\/td>\n<\/tr>\n<tr style=\"height: 215px;\">\n<td style=\"width: 100%; text-align: center; height: 215px;\"><strong><a href=\"https:\/\/archiwumnauki.pan.pl\/?p=5613\"><img loading=\"lazy\" decoding=\"async\" class=\"size-medium wp-image-5597 alignleft\" src=\"https:\/\/archiwumnauki.pan.pl\/wp-content\/uploads\/2023\/10\/IMG_1281-300x200.jpg\" alt=\"\" width=\"300\" height=\"200\" srcset=\"https:\/\/archiwumnauki.pan.pl\/wp-content\/uploads\/2023\/10\/IMG_1281-300x200.jpg 300w, https:\/\/archiwumnauki.pan.pl\/wp-content\/uploads\/2023\/10\/IMG_1281-1024x683.jpg 1024w, https:\/\/archiwumnauki.pan.pl\/wp-content\/uploads\/2023\/10\/IMG_1281-768x512.jpg 768w, https:\/\/archiwumnauki.pan.pl\/wp-content\/uploads\/2023\/10\/IMG_1281-1536x1024.jpg 1536w, https:\/\/archiwumnauki.pan.pl\/wp-content\/uploads\/2023\/10\/IMG_1281-2048x1365.jpg 2048w, https:\/\/archiwumnauki.pan.pl\/wp-content\/uploads\/2023\/10\/IMG_1281-405x270.jpg 405w\" sizes=\"auto, (max-width: 300px) 100vw, 300px\" \/><\/a><a href=\"https:\/\/archiwumnauki.pan.pl\/?p=5613\">Wernisa\u017c wystawy \u00a0\u201eMi\u0119dzy Krakowem a Prag\u0105 \u2013 mi\u0119dzy dwoma archiwami\u201d\u00a0<\/a><\/strong><\/td>\n<\/tr>\n<tr style=\"height: 215px;\">\n<td style=\"width: 100%; text-align: center; height: 215px;\"><strong><a href=\"https:\/\/archiwumnauki.pan.pl\/?p=5609\"><img loading=\"lazy\" decoding=\"async\" class=\"size-medium wp-image-5594 alignleft\" src=\"https:\/\/archiwumnauki.pan.pl\/wp-content\/uploads\/2023\/10\/IMG_1120-300x200.jpg\" alt=\"\" width=\"300\" height=\"200\" srcset=\"https:\/\/archiwumnauki.pan.pl\/wp-content\/uploads\/2023\/10\/IMG_1120-300x200.jpg 300w, https:\/\/archiwumnauki.pan.pl\/wp-content\/uploads\/2023\/10\/IMG_1120-1024x683.jpg 1024w, https:\/\/archiwumnauki.pan.pl\/wp-content\/uploads\/2023\/10\/IMG_1120-768x512.jpg 768w, https:\/\/archiwumnauki.pan.pl\/wp-content\/uploads\/2023\/10\/IMG_1120-1536x1024.jpg 1536w, https:\/\/archiwumnauki.pan.pl\/wp-content\/uploads\/2023\/10\/IMG_1120-2048x1365.jpg 2048w, https:\/\/archiwumnauki.pan.pl\/wp-content\/uploads\/2023\/10\/IMG_1120-405x270.jpg 405w\" sizes=\"auto, (max-width: 300px) 100vw, 300px\" \/><\/a><a href=\"https:\/\/archiwumnauki.pan.pl\/?p=5609\">Kolokwium metodyczne<br \/>\n<em>Archiwista, \u201ejego\u201d spu\u015bcizna i jego problemy<\/em><\/a><\/strong><\/td>\n<\/tr>\n<tr style=\"height: 162px;\">\n<td style=\"width: 100%; text-align: center; height: 162px;\"><strong><a href=\"https:\/\/archiwumnauki.pan.pl\/?p=5558\"><img loading=\"lazy\" decoding=\"async\" class=\"alignleft wp-image-4123 \" src=\"https:\/\/archiwumnauki.pan.pl\/wp-content\/uploads\/2022\/10\/Do-kondolencji-300x200.jpg\" alt=\"\" width=\"240\" height=\"155\" \/><\/a><a href=\"https:\/\/archiwumnauki.pan.pl\/?p=5558\">Zmar\u0142 prof. Jan Machnik<\/a><\/strong><\/td>\n<\/tr>\n<tr style=\"height: 216px;\">\n<td style=\"width: 100%; text-align: center; height: 216px;\"><strong><a href=\"https:\/\/archiwumnauki.pan.pl\/?p=5542\"><img loading=\"lazy\" decoding=\"async\" class=\"alignleft wp-image-5541 size-medium\" src=\"https:\/\/archiwumnauki.pan.pl\/wp-content\/uploads\/2023\/10\/DSC01964-300x200.jpg\" alt=\"\" width=\"300\" height=\"200\" srcset=\"https:\/\/archiwumnauki.pan.pl\/wp-content\/uploads\/2023\/10\/DSC01964-300x200.jpg 300w, https:\/\/archiwumnauki.pan.pl\/wp-content\/uploads\/2023\/10\/DSC01964-1024x682.jpg 1024w, https:\/\/archiwumnauki.pan.pl\/wp-content\/uploads\/2023\/10\/DSC01964-768x511.jpg 768w, https:\/\/archiwumnauki.pan.pl\/wp-content\/uploads\/2023\/10\/DSC01964-1536x1022.jpg 1536w, https:\/\/archiwumnauki.pan.pl\/wp-content\/uploads\/2023\/10\/DSC01964-2048x1363.jpg 2048w, https:\/\/archiwumnauki.pan.pl\/wp-content\/uploads\/2023\/10\/DSC01964-406x270.jpg 406w\" sizes=\"auto, (max-width: 300px) 100vw, 300px\" \/><\/a><a href=\"https:\/\/archiwumnauki.pan.pl\/?p=5542\">Ods\u0142oni\u0119cie tablicy pami\u0119ci Romana Nitscha w Izdebniku<\/a><\/strong><\/td>\n<\/tr>\n<tr style=\"height: 24px;\">\n<td style=\"width: 100%; text-align: center; height: 24px;\"><a href=\"https:\/\/archiwumnauki.pan.pl\/?p=5527\"><strong>Wybory do komitet\u00f3w naukowych PAN &#8211; proces rejestracji<\/strong><\/a><\/td>\n<\/tr>\n<\/tbody>\n<\/table>\n<p>&nbsp;<\/p>\n<div id=\"right_column\">\n<p style=\"text-align: center;\"><a href=\"https:\/\/archiwumnauki.pan.pl\/wp-content\/uploads\/2019\/05\/UNESCO-jpg.jpg\"><img loading=\"lazy\" decoding=\"async\" class=\"alignnone wp-image-1458 size-large\" src=\"https:\/\/archiwumnauki.pan.pl\/wp-content\/uploads\/2019\/05\/UNESCO-jpg-1024x739.jpg\" alt=\"\" width=\"640\" height=\"462\" srcset=\"https:\/\/archiwumnauki.pan.pl\/wp-content\/uploads\/2019\/05\/UNESCO-jpg-1024x739.jpg 1024w, https:\/\/archiwumnauki.pan.pl\/wp-content\/uploads\/2019\/05\/UNESCO-jpg-300x217.jpg 300w, https:\/\/archiwumnauki.pan.pl\/wp-content\/uploads\/2019\/05\/UNESCO-jpg-768x554.jpg 768w, https:\/\/archiwumnauki.pan.pl\/wp-content\/uploads\/2019\/05\/UNESCO-jpg-374x270.jpg 374w\" sizes=\"auto, (max-width: 640px) 100vw, 640px\" \/><\/a><\/p>\n<p style=\"text-align: justify;\">Archiwum Nauki jako specjalistyczne archiwum maj\u0105ce na celu gromadzenie, opracowywanie, udost\u0119pnianie i publikacje \u017ar\u00f3de\u0142 do historii nauki i kultury, rozpocz\u0119\u0142o dzia\u0142alno\u015b\u0107 z dniem 1 kwietnia 2002 roku. Zbiory i wyposa\u017cenie zlikwidowanego Oddzia\u0142u Archiwum PAN w Krakowie zosta\u0142y przekazane nowej plac\u00f3wce przez Archiwum PAN w Warszawie. Zas\u00f3b archiwalny, zbiory biblioteczne i maj\u0105tek trwa\u0142y reaktywowanego w 1993 roku Archiwum PAU przekaza\u0142a w zarz\u0105d Archiwum Nauki Polska Akademia Umiej\u0119tno\u015bci.<\/p>\n<p style=\"text-align: justify;\">Archiwum Nauki jako pomocnicza plac\u00f3wka naukowa dzia\u0142a zgodnie z porozumieniem z 3 IV 2002 roku w sprawie zasad finansowego i organizacyjnego udzia\u0142u Polskiej Akademii Nauk i Polskiej Akademii Umiej\u0119tno\u015bci w jej utrzymaniu.<\/p>\n<\/div>\n<p>&nbsp;<\/p>\n<p>&nbsp;<\/p>\n<p>&nbsp;<\/p>\n<p>&nbsp;<\/p>\n<p>&nbsp;<\/p>\n<p>&nbsp;<\/p>\n<p>&nbsp;<\/p>\n<p>&nbsp;<\/p>\n<p>&nbsp;<\/p>\n<p>&nbsp;<\/p>\n","protected":false},"excerpt":{"rendered":"<p>AKTUALNO\u015aCI Szanowni Pa\u0144stwo, informujemy, \u017ce z uwagi na pokazy dla student\u00f3w Pracownia Naukowa Archiwum b\u0119dzie nieczynna w dniu 29 kwietnia br. (\u015broda). Za wszelkie utrudnienia przepraszamy. Jednocze\u015bnie informujemy, \u017ce w dniu 4 maja br. (poniedzia\u0142ek) Pracownia b\u0119dzie otwarta w zwyk\u0142ym trybie, tj. w godz. 9:00-16:00. Studenci UW z wizyt\u0105 w Archiwum Wsp\u00f3\u0142praca z W\u0142oskim Instytutem &hellip; <\/p>\n<p class=\"read-more\"><a class=\"btn btn-default\" href=\"https:\/\/archiwumnauki.pan.pl\/\"> Read More<span class=\"screen-reader-text\">  Read More<\/span><\/a><\/p>\n","protected":false},"author":206,"featured_media":0,"parent":0,"menu_order":0,"comment_status":"closed","ping_status":"closed","template":"","meta":{"footnotes":""},"class_list":["post-2","page","type-page","status-publish","hentry"],"_links":{"self":[{"href":"https:\/\/archiwumnauki.pan.pl\/index.php?rest_route=\/wp\/v2\/pages\/2","targetHints":{"allow":["GET"]}}],"collection":[{"href":"https:\/\/archiwumnauki.pan.pl\/index.php?rest_route=\/wp\/v2\/pages"}],"about":[{"href":"https:\/\/archiwumnauki.pan.pl\/index.php?rest_route=\/wp\/v2\/types\/page"}],"author":[{"embeddable":true,"href":"https:\/\/archiwumnauki.pan.pl\/index.php?rest_route=\/wp\/v2\/users\/206"}],"replies":[{"embeddable":true,"href":"https:\/\/archiwumnauki.pan.pl\/index.php?rest_route=%2Fwp%2Fv2%2Fcomments&post=2"}],"version-history":[{"count":636,"href":"https:\/\/archiwumnauki.pan.pl\/index.php?rest_route=\/wp\/v2\/pages\/2\/revisions"}],"predecessor-version":[{"id":7288,"href":"https:\/\/archiwumnauki.pan.pl\/index.php?rest_route=\/wp\/v2\/pages\/2\/revisions\/7288"}],"wp:attachment":[{"href":"https:\/\/archiwumnauki.pan.pl\/index.php?rest_route=%2Fwp%2Fv2%2Fmedia&parent=2"}],"curies":[{"name":"wp","href":"https:\/\/api.w.org\/{rel}","templated":true}]}}